{"id":75613,"date":"2025-08-13T17:01:16","date_gmt":"2025-08-13T15:01:16","guid":{"rendered":"https:\/\/maisonroca.ad\/?post_type=product&#038;p=75613"},"modified":"2026-01-27T17:15:57","modified_gmt":"2026-01-27T16:15:57","slug":"penjoll-mikado-flamenco-tamara-comolli","status":"publish","type":"product","link":"https:\/\/maisonroca.ad\/es\/tienda\/penjoll-mikado-flamenco-tamara-comolli\/","title":{"rendered":"COLGANTE MIKADO FLAMENCO &#8211; TAMARA COMOLLI"},"content":{"rendered":"<p>Colgante Tamara Comolli Mikado Flamenco de oro blanco y pav\u00e9 de diamantes.<\/p>\n<p>El colgante MIKADO Flamenco, todo un s\u00edmbolo de la colecci\u00f3n, luce un refinado pav\u00e9 de diamantes blancos en su ic\u00f3nica forma c\u00f3nica. Engastado en oro de 18 quilates, est\u00e1 disponible en muchas otras combinaciones de piedras preciosas que invitan a coleccionarlos todos. Ideal para llevarlo con una de nuestras cadenas de calidad o con un cord\u00f3n de cuero para darle tu propio estilo.<\/p>\n<p>Detalles:<\/p>\n<p>\u2022 Oro blanco 18k<br \/>\n\u2022 Pav\u00e9 diamantes 0,50 ct fvs<\/p>\n","protected":false},"excerpt":{"rendered":"<p>Penjoll Tamara Comolli Mikado Flamenco d&#8217;or blanc i diamant.<\/p>\n<p>El penjoll MIKADO Flamenco, tot un s\u00edmbol de la col\u00b7lecci\u00f3, llueix un refinat pav\u00e9 de diamants blancs en la seva ic\u00f2nica forma c\u00f2nica. Engastat en or de 18 quirats, est\u00e0 disponible en moltes altres combinacions de pedres precioses que fan venir ganes de col\u00b7leccionar-los tots. Ideal per portar-lo amb una de les nostres cadenes de qualitat o amb un cord\u00f3 de cuir per donar-hi el teu propi estil.<\/p>\n","protected":false},"featured_media":81593,"comment_status":"closed","ping_status":"closed","template":"","meta":{"_acf_changed":false,"_monsterinsights_skip_tracking":false,"_monsterinsights_sitenote_active":false,"_monsterinsights_sitenote_note":"","_monsterinsights_sitenote_category":0},"product_brand":[],"product_cat":[1217,3447],"product_tag":[1571,1570,2781],"class_list":{"0":"post-75613","1":"product","2":"type-product","3":"status-publish","4":"has-post-thumbnail","6":"product_cat-joyas","7":"product_cat-tamara-comolli-es","8":"product_tag-diamantes","9":"product_tag-oro-blanco","10":"product_tag-tamara-comolli-es","12":"first","13":"instock","14":"shipping-taxable","15":"purchasable","16":"product-type-simple"},"acf":[],"yoast_head":"<!-- This site is optimized with the Yoast SEO Premium plugin v26.8 (Yoast SEO v27.4) - https:\/\/yoast.com\/product\/yoast-seo-premium-wordpress\/ -->\n<title>COLGANTE MIKADO FLAMENCO - TAMARA COMOLLI - Maison Roca<\/title>\n<meta name=\"robots\" content=\"index, follow, max-snippet:-1, max-image-preview:large, max-video-preview:-1\" \/>\n<link rel=\"canonical\" href=\"https:\/\/maisonroca.ad\/es\/tienda\/penjoll-mikado-flamenco-tamara-comolli\/\" \/>\n<meta property=\"og:locale\" content=\"es_ES\" \/>\n<meta property=\"og:type\" content=\"article\" \/>\n<meta property=\"og:title\" content=\"COLGANTE MIKADO FLAMENCO - TAMARA COMOLLI\" \/>\n<meta property=\"og:description\" content=\"Penjoll Tamara Comolli Mikado Flamenco d&#039;or blanc i diamant.  El penjoll MIKADO Flamenco, tot un s\u00edmbol de la col\u00b7lecci\u00f3, llueix un refinat pav\u00e9 de diamants blancs en la seva ic\u00f2nica forma c\u00f2nica. Engastat en or de 18 quirats, est\u00e0 disponible en moltes altres combinacions de pedres precioses que fan venir ganes de col\u00b7leccionar-los tots. Ideal per portar-lo amb una de les nostres cadenes de qualitat o amb un cord\u00f3 de cuir per donar-hi el teu propi estil.\" \/>\n<meta property=\"og:url\" content=\"https:\/\/maisonroca.ad\/es\/tienda\/penjoll-mikado-flamenco-tamara-comolli\/\" \/>\n<meta property=\"og:site_name\" content=\"Maison Roca\" \/>\n<meta property=\"article:publisher\" content=\"https:\/\/www.facebook.com\/maisonroca\" \/>\n<meta property=\"article:modified_time\" content=\"2026-01-27T16:15:57+00:00\" \/>\n<meta property=\"og:image\" content=\"https:\/\/maisonroca.ad\/wp-content\/uploads\/2025\/08\/p-mfl-p-wg-1.jpg\" \/>\n\t<meta property=\"og:image:width\" content=\"1080\" \/>\n\t<meta property=\"og:image:height\" content=\"1080\" \/>\n\t<meta property=\"og:image:type\" content=\"image\/jpeg\" \/>\n<meta name=\"twitter:card\" content=\"summary_large_image\" \/>\n<meta name=\"twitter:label1\" content=\"Precio\" \/>\n\t<meta name=\"twitter:data1\" content=\"3.510,00&nbsp;&euro;\" \/>\n\t<meta name=\"twitter:label2\" content=\"Disponibilidad\" \/>\n\t<meta name=\"twitter:data2\" content=\"Disponible\" \/>\n<script type=\"application\/ld+json\" class=\"yoast-schema-graph\">{\"@context\":\"https:\\\/\\\/schema.org\",\"@graph\":[{\"@type\":\"WebPage\",\"@id\":\"https:\\\/\\\/maisonroca.ad\\\/es\\\/tienda\\\/penjoll-mikado-flamenco-tamara-comolli\\\/\",\"url\":\"https:\\\/\\\/maisonroca.ad\\\/es\\\/tienda\\\/penjoll-mikado-flamenco-tamara-comolli\\\/\",\"name\":\"COLGANTE MIKADO FLAMENCO - TAMARA COMOLLI - Maison Roca\",\"isPartOf\":{\"@id\":\"https:\\\/\\\/maisonroca.ad\\\/es\\\/#website\"},\"primaryImageOfPage\":{\"@id\":\"https:\\\/\\\/maisonroca.ad\\\/es\\\/tienda\\\/penjoll-mikado-flamenco-tamara-comolli\\\/#primaryimage\"},\"image\":{\"@id\":\"https:\\\/\\\/maisonroca.ad\\\/es\\\/tienda\\\/penjoll-mikado-flamenco-tamara-comolli\\\/#primaryimage\"},\"thumbnailUrl\":\"https:\\\/\\\/maisonroca.ad\\\/wp-content\\\/uploads\\\/2025\\\/08\\\/p-mfl-p-wg-1.jpg\",\"datePublished\":\"2025-08-13T15:01:16+00:00\",\"dateModified\":\"2026-01-27T16:15:57+00:00\",\"breadcrumb\":{\"@id\":\"https:\\\/\\\/maisonroca.ad\\\/es\\\/tienda\\\/penjoll-mikado-flamenco-tamara-comolli\\\/#breadcrumb\"},\"inLanguage\":\"es\",\"potentialAction\":[{\"@type\":\"ReadAction\",\"target\":[\"https:\\\/\\\/maisonroca.ad\\\/es\\\/tienda\\\/penjoll-mikado-flamenco-tamara-comolli\\\/\"]}]},{\"@type\":\"ImageObject\",\"inLanguage\":\"es\",\"@id\":\"https:\\\/\\\/maisonroca.ad\\\/es\\\/tienda\\\/penjoll-mikado-flamenco-tamara-comolli\\\/#primaryimage\",\"url\":\"https:\\\/\\\/maisonroca.ad\\\/wp-content\\\/uploads\\\/2025\\\/08\\\/p-mfl-p-wg-1.jpg\",\"contentUrl\":\"https:\\\/\\\/maisonroca.ad\\\/wp-content\\\/uploads\\\/2025\\\/08\\\/p-mfl-p-wg-1.jpg\",\"width\":1080,\"height\":1080},{\"@type\":\"BreadcrumbList\",\"@id\":\"https:\\\/\\\/maisonroca.ad\\\/es\\\/tienda\\\/penjoll-mikado-flamenco-tamara-comolli\\\/#breadcrumb\",\"itemListElement\":[{\"@type\":\"ListItem\",\"position\":1,\"name\":\"Portada\",\"item\":\"https:\\\/\\\/maisonroca.ad\\\/es\\\/\"},{\"@type\":\"ListItem\",\"position\":2,\"name\":\"Botiga\",\"item\":\"https:\\\/\\\/maisonroca.ad\\\/botiga\\\/\"},{\"@type\":\"ListItem\",\"position\":3,\"name\":\"COLGANTE MIKADO FLAMENCO &#8211; TAMARA COMOLLI\"}]},{\"@type\":\"WebSite\",\"@id\":\"https:\\\/\\\/maisonroca.ad\\\/es\\\/#website\",\"url\":\"https:\\\/\\\/maisonroca.ad\\\/es\\\/\",\"name\":\"Maison Roca\",\"description\":\"Bold Luxury Life - joieria d&#039;autor - Andorra\",\"publisher\":{\"@id\":\"https:\\\/\\\/maisonroca.ad\\\/es\\\/#organization\"},\"potentialAction\":[{\"@type\":\"SearchAction\",\"target\":{\"@type\":\"EntryPoint\",\"urlTemplate\":\"https:\\\/\\\/maisonroca.ad\\\/es\\\/?s={search_term_string}\"},\"query-input\":{\"@type\":\"PropertyValueSpecification\",\"valueRequired\":true,\"valueName\":\"search_term_string\"}}],\"inLanguage\":\"es\"},{\"@type\":\"Organization\",\"@id\":\"https:\\\/\\\/maisonroca.ad\\\/es\\\/#organization\",\"name\":\"Maison Roca\",\"url\":\"https:\\\/\\\/maisonroca.ad\\\/es\\\/\",\"logo\":{\"@type\":\"ImageObject\",\"inLanguage\":\"es\",\"@id\":\"https:\\\/\\\/maisonroca.ad\\\/es\\\/#\\\/schema\\\/logo\\\/image\\\/\",\"url\":\"https:\\\/\\\/maisonroca.ad\\\/wp-content\\\/uploads\\\/2023\\\/10\\\/icono.png\",\"contentUrl\":\"https:\\\/\\\/maisonroca.ad\\\/wp-content\\\/uploads\\\/2023\\\/10\\\/icono.png\",\"width\":512,\"height\":512,\"caption\":\"Maison Roca\"},\"image\":{\"@id\":\"https:\\\/\\\/maisonroca.ad\\\/es\\\/#\\\/schema\\\/logo\\\/image\\\/\"},\"sameAs\":[\"https:\\\/\\\/www.facebook.com\\\/maisonroca\",\"https:\\\/\\\/www.instagram.com\\\/maisonroca\\\/\"]}]}<\/script>\n<meta property=\"product:price:amount\" content=\"3510.00\" \/>\n<meta property=\"product:price:currency\" content=\"EUR\" \/>\n<meta property=\"og:availability\" content=\"instock\" \/>\n<meta property=\"product:availability\" content=\"instock\" \/>\n<meta property=\"product:retailer_item_id\" content=\"P-MFL-P-WG\" \/>\n<meta property=\"product:condition\" content=\"new\" \/>\n<!-- \/ Yoast SEO Premium plugin. -->","yoast_head_json":{"title":"COLGANTE MIKADO FLAMENCO - TAMARA COMOLLI - Maison Roca","robots":{"index":"index","follow":"follow","max-snippet":"max-snippet:-1","max-image-preview":"max-image-preview:large","max-video-preview":"max-video-preview:-1"},"canonical":"https:\/\/maisonroca.ad\/es\/tienda\/penjoll-mikado-flamenco-tamara-comolli\/","og_locale":"es_ES","og_type":"article","og_title":"COLGANTE MIKADO FLAMENCO - TAMARA COMOLLI","og_description":"Penjoll Tamara Comolli Mikado Flamenco d'or blanc i diamant.  El penjoll MIKADO Flamenco, tot un s\u00edmbol de la col\u00b7lecci\u00f3, llueix un refinat pav\u00e9 de diamants blancs en la seva ic\u00f2nica forma c\u00f2nica. Engastat en or de 18 quirats, est\u00e0 disponible en moltes altres combinacions de pedres precioses que fan venir ganes de col\u00b7leccionar-los tots. Ideal per portar-lo amb una de les nostres cadenes de qualitat o amb un cord\u00f3 de cuir per donar-hi el teu propi estil.","og_url":"https:\/\/maisonroca.ad\/es\/tienda\/penjoll-mikado-flamenco-tamara-comolli\/","og_site_name":"Maison Roca","article_publisher":"https:\/\/www.facebook.com\/maisonroca","article_modified_time":"2026-01-27T16:15:57+00:00","og_image":[{"width":1080,"height":1080,"url":"https:\/\/maisonroca.ad\/wp-content\/uploads\/2025\/08\/p-mfl-p-wg-1.jpg","type":"image\/jpeg"}],"twitter_card":"summary_large_image","twitter_misc":{"Precio":"3.510,00&nbsp;&euro;","Disponibilidad":"Disponible"},"schema":{"@context":"https:\/\/schema.org","@graph":[{"@type":"WebPage","@id":"https:\/\/maisonroca.ad\/es\/tienda\/penjoll-mikado-flamenco-tamara-comolli\/","url":"https:\/\/maisonroca.ad\/es\/tienda\/penjoll-mikado-flamenco-tamara-comolli\/","name":"COLGANTE MIKADO FLAMENCO - TAMARA COMOLLI - Maison Roca","isPartOf":{"@id":"https:\/\/maisonroca.ad\/es\/#website"},"primaryImageOfPage":{"@id":"https:\/\/maisonroca.ad\/es\/tienda\/penjoll-mikado-flamenco-tamara-comolli\/#primaryimage"},"image":{"@id":"https:\/\/maisonroca.ad\/es\/tienda\/penjoll-mikado-flamenco-tamara-comolli\/#primaryimage"},"thumbnailUrl":"https:\/\/maisonroca.ad\/wp-content\/uploads\/2025\/08\/p-mfl-p-wg-1.jpg","datePublished":"2025-08-13T15:01:16+00:00","dateModified":"2026-01-27T16:15:57+00:00","breadcrumb":{"@id":"https:\/\/maisonroca.ad\/es\/tienda\/penjoll-mikado-flamenco-tamara-comolli\/#breadcrumb"},"inLanguage":"es","potentialAction":[{"@type":"ReadAction","target":["https:\/\/maisonroca.ad\/es\/tienda\/penjoll-mikado-flamenco-tamara-comolli\/"]}]},{"@type":"ImageObject","inLanguage":"es","@id":"https:\/\/maisonroca.ad\/es\/tienda\/penjoll-mikado-flamenco-tamara-comolli\/#primaryimage","url":"https:\/\/maisonroca.ad\/wp-content\/uploads\/2025\/08\/p-mfl-p-wg-1.jpg","contentUrl":"https:\/\/maisonroca.ad\/wp-content\/uploads\/2025\/08\/p-mfl-p-wg-1.jpg","width":1080,"height":1080},{"@type":"BreadcrumbList","@id":"https:\/\/maisonroca.ad\/es\/tienda\/penjoll-mikado-flamenco-tamara-comolli\/#breadcrumb","itemListElement":[{"@type":"ListItem","position":1,"name":"Portada","item":"https:\/\/maisonroca.ad\/es\/"},{"@type":"ListItem","position":2,"name":"Botiga","item":"https:\/\/maisonroca.ad\/botiga\/"},{"@type":"ListItem","position":3,"name":"COLGANTE MIKADO FLAMENCO &#8211; TAMARA COMOLLI"}]},{"@type":"WebSite","@id":"https:\/\/maisonroca.ad\/es\/#website","url":"https:\/\/maisonroca.ad\/es\/","name":"Maison Roca","description":"Bold Luxury Life - joieria d&#039;autor - Andorra","publisher":{"@id":"https:\/\/maisonroca.ad\/es\/#organization"},"potentialAction":[{"@type":"SearchAction","target":{"@type":"EntryPoint","urlTemplate":"https:\/\/maisonroca.ad\/es\/?s={search_term_string}"},"query-input":{"@type":"PropertyValueSpecification","valueRequired":true,"valueName":"search_term_string"}}],"inLanguage":"es"},{"@type":"Organization","@id":"https:\/\/maisonroca.ad\/es\/#organization","name":"Maison Roca","url":"https:\/\/maisonroca.ad\/es\/","logo":{"@type":"ImageObject","inLanguage":"es","@id":"https:\/\/maisonroca.ad\/es\/#\/schema\/logo\/image\/","url":"https:\/\/maisonroca.ad\/wp-content\/uploads\/2023\/10\/icono.png","contentUrl":"https:\/\/maisonroca.ad\/wp-content\/uploads\/2023\/10\/icono.png","width":512,"height":512,"caption":"Maison Roca"},"image":{"@id":"https:\/\/maisonroca.ad\/es\/#\/schema\/logo\/image\/"},"sameAs":["https:\/\/www.facebook.com\/maisonroca","https:\/\/www.instagram.com\/maisonroca\/"]}]},"product_price_amount":"3510.00","product_price_currency":"EUR","og_availability":"instock","product_availability":"instock","product_retailer_item_id":"P-MFL-P-WG","product_condition":"new"},"_links":{"self":[{"href":"https:\/\/maisonroca.ad\/es\/wp-json\/wp\/v2\/product\/75613","targetHints":{"allow":["GET"]}}],"collection":[{"href":"https:\/\/maisonroca.ad\/es\/wp-json\/wp\/v2\/product"}],"about":[{"href":"https:\/\/maisonroca.ad\/es\/wp-json\/wp\/v2\/types\/product"}],"replies":[{"embeddable":true,"href":"https:\/\/maisonroca.ad\/es\/wp-json\/wp\/v2\/comments?post=75613"}],"version-history":[{"count":10,"href":"https:\/\/maisonroca.ad\/es\/wp-json\/wp\/v2\/product\/75613\/revisions"}],"predecessor-version":[{"id":83321,"href":"https:\/\/maisonroca.ad\/es\/wp-json\/wp\/v2\/product\/75613\/revisions\/83321"}],"wp:featuredmedia":[{"embeddable":true,"href":"https:\/\/maisonroca.ad\/es\/wp-json\/wp\/v2\/media\/81593"}],"wp:attachment":[{"href":"https:\/\/maisonroca.ad\/es\/wp-json\/wp\/v2\/media?parent=75613"}],"wp:term":[{"taxonomy":"product_brand","embeddable":true,"href":"https:\/\/maisonroca.ad\/es\/wp-json\/wp\/v2\/product_brand?post=75613"},{"taxonomy":"product_cat","embeddable":true,"href":"https:\/\/maisonroca.ad\/es\/wp-json\/wp\/v2\/product_cat?post=75613"},{"taxonomy":"product_tag","embeddable":true,"href":"https:\/\/maisonroca.ad\/es\/wp-json\/wp\/v2\/product_tag?post=75613"}],"curies":[{"name":"wp","href":"https:\/\/api.w.org\/{rel}","templated":true}]}}