{"id":75637,"date":"2025-08-13T17:01:24","date_gmt":"2025-08-13T15:01:24","guid":{"rendered":"https:\/\/maisonroca.ad\/?post_type=product&#038;p=75637"},"modified":"2026-01-27T17:05:55","modified_gmt":"2026-01-27T16:05:55","slug":"colgante-mikado-flamenco-tamara-comolli","status":"publish","type":"product","link":"https:\/\/maisonroca.ad\/es\/tienda\/colgante-mikado-flamenco-tamara-comolli\/","title":{"rendered":"COLGANTE MIKADO FLAMENCO &#8211; TAMARA COMOLLI"},"content":{"rendered":"<p>Colgante Tamara Comolli Mikado Flamenco de oro rosa y turquesa.<\/p>\n<p>El emblem\u00e1tico colgante MIKADO Flamenco destaca por su preciosa turquesa con la inconfundible forma c\u00f3nica de la colecci\u00f3n. Montado en oro de 18 quilates, est\u00e1 disponible en m\u00faltiples combinaciones de piedras ideales para coleccionar. Perfecto para lucir con nuestras cadenas de alta gama o con cordones de cuero.<\/p>\n<p>Detalles:<\/p>\n<p>\u2022 Oro rosa 18k<br \/>\n\u2022 Turquesa 3,00 CT<\/p>\n","protected":false},"excerpt":{"rendered":"<p>Penjoll Tamara Comolli Mikado Flamenco d&#8217;or rosa i turquesa.<\/p>\n<p>El distintiu penjoll MIKADO Flamenco destaca per una preciosa turquesa en la seva ic\u00f2nica forma c\u00f2nica. Engastat en or de 18 quirats, aquest petit tresor est\u00e0 disponible en m\u00faltiples combinacions de pedres que conviden a col\u00b7leccionar. Perfecte per lluir amb una de les nostres cadenes d\u2019alta qualitat o cordons de cuir.<\/p>\n","protected":false},"featured_media":81567,"comment_status":"closed","ping_status":"closed","template":"","meta":{"_acf_changed":false,"_monsterinsights_skip_tracking":false,"_monsterinsights_sitenote_active":false,"_monsterinsights_sitenote_note":"","_monsterinsights_sitenote_category":0},"product_brand":[],"product_cat":[1217,3447],"product_tag":[1589,1572,2781,2143],"class_list":{"0":"post-75637","1":"product","2":"type-product","3":"status-publish","4":"has-post-thumbnail","6":"product_cat-joyas","7":"product_cat-tamara-comolli-es","8":"product_tag-colgantes","9":"product_tag-oro-rosa","10":"product_tag-tamara-comolli-es","11":"product_tag-turquesa-2","13":"first","14":"instock","15":"shipping-taxable","16":"purchasable","17":"product-type-simple"},"acf":[],"yoast_head":"<!-- This site is optimized with the Yoast SEO Premium plugin v26.8 (Yoast SEO v27.4) - https:\/\/yoast.com\/product\/yoast-seo-premium-wordpress\/ -->\n<title>COLGANTE MIKADO FLAMENCO - TAMARA COMOLLI - Maison Roca<\/title>\n<meta name=\"robots\" content=\"index, follow, max-snippet:-1, max-image-preview:large, max-video-preview:-1\" \/>\n<link rel=\"canonical\" href=\"https:\/\/maisonroca.ad\/es\/tienda\/colgante-mikado-flamenco-tamara-comolli\/\" \/>\n<meta property=\"og:locale\" content=\"es_ES\" \/>\n<meta property=\"og:type\" content=\"article\" \/>\n<meta property=\"og:title\" content=\"COLGANTE MIKADO FLAMENCO - TAMARA COMOLLI\" \/>\n<meta property=\"og:description\" content=\"Penjoll Tamara Comolli Mikado Flamenco d&#039;or rosa i turquesa.  El distintiu penjoll MIKADO Flamenco destaca per una preciosa turquesa en la seva ic\u00f2nica forma c\u00f2nica. Engastat en or de 18 quirats, aquest petit tresor est\u00e0 disponible en m\u00faltiples combinacions de pedres que conviden a col\u00b7leccionar. Perfecte per lluir amb una de les nostres cadenes d\u2019alta qualitat o cordons de cuir.\" \/>\n<meta property=\"og:url\" content=\"https:\/\/maisonroca.ad\/es\/tienda\/colgante-mikado-flamenco-tamara-comolli\/\" \/>\n<meta property=\"og:site_name\" content=\"Maison Roca\" \/>\n<meta property=\"article:publisher\" content=\"https:\/\/www.facebook.com\/maisonroca\" \/>\n<meta property=\"article:modified_time\" content=\"2026-01-27T16:05:55+00:00\" \/>\n<meta property=\"og:image\" content=\"https:\/\/maisonroca.ad\/wp-content\/uploads\/2025\/08\/p-mfl-tur-rg.jpg\" \/>\n\t<meta property=\"og:image:width\" content=\"1080\" \/>\n\t<meta property=\"og:image:height\" content=\"1080\" \/>\n\t<meta property=\"og:image:type\" content=\"image\/jpeg\" \/>\n<meta name=\"twitter:card\" content=\"summary_large_image\" \/>\n<meta name=\"twitter:label1\" content=\"Precio\" \/>\n\t<meta name=\"twitter:data1\" content=\"1.620,00&nbsp;&euro;\" \/>\n\t<meta name=\"twitter:label2\" content=\"Disponibilidad\" \/>\n\t<meta name=\"twitter:data2\" content=\"Disponible\" \/>\n<script type=\"application\/ld+json\" class=\"yoast-schema-graph\">{\"@context\":\"https:\\\/\\\/schema.org\",\"@graph\":[{\"@type\":\"WebPage\",\"@id\":\"https:\\\/\\\/maisonroca.ad\\\/es\\\/tienda\\\/colgante-mikado-flamenco-tamara-comolli\\\/\",\"url\":\"https:\\\/\\\/maisonroca.ad\\\/es\\\/tienda\\\/colgante-mikado-flamenco-tamara-comolli\\\/\",\"name\":\"COLGANTE MIKADO FLAMENCO - TAMARA COMOLLI - Maison Roca\",\"isPartOf\":{\"@id\":\"https:\\\/\\\/maisonroca.ad\\\/es\\\/#website\"},\"primaryImageOfPage\":{\"@id\":\"https:\\\/\\\/maisonroca.ad\\\/es\\\/tienda\\\/colgante-mikado-flamenco-tamara-comolli\\\/#primaryimage\"},\"image\":{\"@id\":\"https:\\\/\\\/maisonroca.ad\\\/es\\\/tienda\\\/colgante-mikado-flamenco-tamara-comolli\\\/#primaryimage\"},\"thumbnailUrl\":\"https:\\\/\\\/maisonroca.ad\\\/wp-content\\\/uploads\\\/2025\\\/08\\\/p-mfl-tur-rg.jpg\",\"datePublished\":\"2025-08-13T15:01:24+00:00\",\"dateModified\":\"2026-01-27T16:05:55+00:00\",\"breadcrumb\":{\"@id\":\"https:\\\/\\\/maisonroca.ad\\\/es\\\/tienda\\\/colgante-mikado-flamenco-tamara-comolli\\\/#breadcrumb\"},\"inLanguage\":\"es\",\"potentialAction\":[{\"@type\":\"ReadAction\",\"target\":[\"https:\\\/\\\/maisonroca.ad\\\/es\\\/tienda\\\/colgante-mikado-flamenco-tamara-comolli\\\/\"]}]},{\"@type\":\"ImageObject\",\"inLanguage\":\"es\",\"@id\":\"https:\\\/\\\/maisonroca.ad\\\/es\\\/tienda\\\/colgante-mikado-flamenco-tamara-comolli\\\/#primaryimage\",\"url\":\"https:\\\/\\\/maisonroca.ad\\\/wp-content\\\/uploads\\\/2025\\\/08\\\/p-mfl-tur-rg.jpg\",\"contentUrl\":\"https:\\\/\\\/maisonroca.ad\\\/wp-content\\\/uploads\\\/2025\\\/08\\\/p-mfl-tur-rg.jpg\",\"width\":1080,\"height\":1080},{\"@type\":\"BreadcrumbList\",\"@id\":\"https:\\\/\\\/maisonroca.ad\\\/es\\\/tienda\\\/colgante-mikado-flamenco-tamara-comolli\\\/#breadcrumb\",\"itemListElement\":[{\"@type\":\"ListItem\",\"position\":1,\"name\":\"Portada\",\"item\":\"https:\\\/\\\/maisonroca.ad\\\/es\\\/\"},{\"@type\":\"ListItem\",\"position\":2,\"name\":\"Botiga\",\"item\":\"https:\\\/\\\/maisonroca.ad\\\/botiga\\\/\"},{\"@type\":\"ListItem\",\"position\":3,\"name\":\"COLGANTE MIKADO FLAMENCO &#8211; TAMARA COMOLLI\"}]},{\"@type\":\"WebSite\",\"@id\":\"https:\\\/\\\/maisonroca.ad\\\/es\\\/#website\",\"url\":\"https:\\\/\\\/maisonroca.ad\\\/es\\\/\",\"name\":\"Maison Roca\",\"description\":\"Bold Luxury Life - joieria d&#039;autor - Andorra\",\"publisher\":{\"@id\":\"https:\\\/\\\/maisonroca.ad\\\/es\\\/#organization\"},\"potentialAction\":[{\"@type\":\"SearchAction\",\"target\":{\"@type\":\"EntryPoint\",\"urlTemplate\":\"https:\\\/\\\/maisonroca.ad\\\/es\\\/?s={search_term_string}\"},\"query-input\":{\"@type\":\"PropertyValueSpecification\",\"valueRequired\":true,\"valueName\":\"search_term_string\"}}],\"inLanguage\":\"es\"},{\"@type\":\"Organization\",\"@id\":\"https:\\\/\\\/maisonroca.ad\\\/es\\\/#organization\",\"name\":\"Maison Roca\",\"url\":\"https:\\\/\\\/maisonroca.ad\\\/es\\\/\",\"logo\":{\"@type\":\"ImageObject\",\"inLanguage\":\"es\",\"@id\":\"https:\\\/\\\/maisonroca.ad\\\/es\\\/#\\\/schema\\\/logo\\\/image\\\/\",\"url\":\"https:\\\/\\\/maisonroca.ad\\\/wp-content\\\/uploads\\\/2023\\\/10\\\/icono.png\",\"contentUrl\":\"https:\\\/\\\/maisonroca.ad\\\/wp-content\\\/uploads\\\/2023\\\/10\\\/icono.png\",\"width\":512,\"height\":512,\"caption\":\"Maison Roca\"},\"image\":{\"@id\":\"https:\\\/\\\/maisonroca.ad\\\/es\\\/#\\\/schema\\\/logo\\\/image\\\/\"},\"sameAs\":[\"https:\\\/\\\/www.facebook.com\\\/maisonroca\",\"https:\\\/\\\/www.instagram.com\\\/maisonroca\\\/\"]}]}<\/script>\n<meta property=\"product:price:amount\" content=\"1620.00\" \/>\n<meta property=\"product:price:currency\" content=\"EUR\" \/>\n<meta property=\"og:availability\" content=\"instock\" \/>\n<meta property=\"product:availability\" content=\"instock\" \/>\n<meta property=\"product:retailer_item_id\" content=\"P-MFL-TUR-RG\" \/>\n<meta property=\"product:condition\" content=\"new\" \/>\n<!-- \/ Yoast SEO Premium plugin. -->","yoast_head_json":{"title":"COLGANTE MIKADO FLAMENCO - TAMARA COMOLLI - Maison Roca","robots":{"index":"index","follow":"follow","max-snippet":"max-snippet:-1","max-image-preview":"max-image-preview:large","max-video-preview":"max-video-preview:-1"},"canonical":"https:\/\/maisonroca.ad\/es\/tienda\/colgante-mikado-flamenco-tamara-comolli\/","og_locale":"es_ES","og_type":"article","og_title":"COLGANTE MIKADO FLAMENCO - TAMARA COMOLLI","og_description":"Penjoll Tamara Comolli Mikado Flamenco d'or rosa i turquesa.  El distintiu penjoll MIKADO Flamenco destaca per una preciosa turquesa en la seva ic\u00f2nica forma c\u00f2nica. Engastat en or de 18 quirats, aquest petit tresor est\u00e0 disponible en m\u00faltiples combinacions de pedres que conviden a col\u00b7leccionar. Perfecte per lluir amb una de les nostres cadenes d\u2019alta qualitat o cordons de cuir.","og_url":"https:\/\/maisonroca.ad\/es\/tienda\/colgante-mikado-flamenco-tamara-comolli\/","og_site_name":"Maison Roca","article_publisher":"https:\/\/www.facebook.com\/maisonroca","article_modified_time":"2026-01-27T16:05:55+00:00","og_image":[{"width":1080,"height":1080,"url":"https:\/\/maisonroca.ad\/wp-content\/uploads\/2025\/08\/p-mfl-tur-rg.jpg","type":"image\/jpeg"}],"twitter_card":"summary_large_image","twitter_misc":{"Precio":"1.620,00&nbsp;&euro;","Disponibilidad":"Disponible"},"schema":{"@context":"https:\/\/schema.org","@graph":[{"@type":"WebPage","@id":"https:\/\/maisonroca.ad\/es\/tienda\/colgante-mikado-flamenco-tamara-comolli\/","url":"https:\/\/maisonroca.ad\/es\/tienda\/colgante-mikado-flamenco-tamara-comolli\/","name":"COLGANTE MIKADO FLAMENCO - TAMARA COMOLLI - Maison Roca","isPartOf":{"@id":"https:\/\/maisonroca.ad\/es\/#website"},"primaryImageOfPage":{"@id":"https:\/\/maisonroca.ad\/es\/tienda\/colgante-mikado-flamenco-tamara-comolli\/#primaryimage"},"image":{"@id":"https:\/\/maisonroca.ad\/es\/tienda\/colgante-mikado-flamenco-tamara-comolli\/#primaryimage"},"thumbnailUrl":"https:\/\/maisonroca.ad\/wp-content\/uploads\/2025\/08\/p-mfl-tur-rg.jpg","datePublished":"2025-08-13T15:01:24+00:00","dateModified":"2026-01-27T16:05:55+00:00","breadcrumb":{"@id":"https:\/\/maisonroca.ad\/es\/tienda\/colgante-mikado-flamenco-tamara-comolli\/#breadcrumb"},"inLanguage":"es","potentialAction":[{"@type":"ReadAction","target":["https:\/\/maisonroca.ad\/es\/tienda\/colgante-mikado-flamenco-tamara-comolli\/"]}]},{"@type":"ImageObject","inLanguage":"es","@id":"https:\/\/maisonroca.ad\/es\/tienda\/colgante-mikado-flamenco-tamara-comolli\/#primaryimage","url":"https:\/\/maisonroca.ad\/wp-content\/uploads\/2025\/08\/p-mfl-tur-rg.jpg","contentUrl":"https:\/\/maisonroca.ad\/wp-content\/uploads\/2025\/08\/p-mfl-tur-rg.jpg","width":1080,"height":1080},{"@type":"BreadcrumbList","@id":"https:\/\/maisonroca.ad\/es\/tienda\/colgante-mikado-flamenco-tamara-comolli\/#breadcrumb","itemListElement":[{"@type":"ListItem","position":1,"name":"Portada","item":"https:\/\/maisonroca.ad\/es\/"},{"@type":"ListItem","position":2,"name":"Botiga","item":"https:\/\/maisonroca.ad\/botiga\/"},{"@type":"ListItem","position":3,"name":"COLGANTE MIKADO FLAMENCO &#8211; TAMARA COMOLLI"}]},{"@type":"WebSite","@id":"https:\/\/maisonroca.ad\/es\/#website","url":"https:\/\/maisonroca.ad\/es\/","name":"Maison Roca","description":"Bold Luxury Life - joieria d&#039;autor - Andorra","publisher":{"@id":"https:\/\/maisonroca.ad\/es\/#organization"},"potentialAction":[{"@type":"SearchAction","target":{"@type":"EntryPoint","urlTemplate":"https:\/\/maisonroca.ad\/es\/?s={search_term_string}"},"query-input":{"@type":"PropertyValueSpecification","valueRequired":true,"valueName":"search_term_string"}}],"inLanguage":"es"},{"@type":"Organization","@id":"https:\/\/maisonroca.ad\/es\/#organization","name":"Maison Roca","url":"https:\/\/maisonroca.ad\/es\/","logo":{"@type":"ImageObject","inLanguage":"es","@id":"https:\/\/maisonroca.ad\/es\/#\/schema\/logo\/image\/","url":"https:\/\/maisonroca.ad\/wp-content\/uploads\/2023\/10\/icono.png","contentUrl":"https:\/\/maisonroca.ad\/wp-content\/uploads\/2023\/10\/icono.png","width":512,"height":512,"caption":"Maison Roca"},"image":{"@id":"https:\/\/maisonroca.ad\/es\/#\/schema\/logo\/image\/"},"sameAs":["https:\/\/www.facebook.com\/maisonroca","https:\/\/www.instagram.com\/maisonroca\/"]}]},"product_price_amount":"1620.00","product_price_currency":"EUR","og_availability":"instock","product_availability":"instock","product_retailer_item_id":"P-MFL-TUR-RG","product_condition":"new"},"_links":{"self":[{"href":"https:\/\/maisonroca.ad\/es\/wp-json\/wp\/v2\/product\/75637","targetHints":{"allow":["GET"]}}],"collection":[{"href":"https:\/\/maisonroca.ad\/es\/wp-json\/wp\/v2\/product"}],"about":[{"href":"https:\/\/maisonroca.ad\/es\/wp-json\/wp\/v2\/types\/product"}],"replies":[{"embeddable":true,"href":"https:\/\/maisonroca.ad\/es\/wp-json\/wp\/v2\/comments?post=75637"}],"version-history":[{"count":9,"href":"https:\/\/maisonroca.ad\/es\/wp-json\/wp\/v2\/product\/75637\/revisions"}],"predecessor-version":[{"id":83308,"href":"https:\/\/maisonroca.ad\/es\/wp-json\/wp\/v2\/product\/75637\/revisions\/83308"}],"wp:featuredmedia":[{"embeddable":true,"href":"https:\/\/maisonroca.ad\/es\/wp-json\/wp\/v2\/media\/81567"}],"wp:attachment":[{"href":"https:\/\/maisonroca.ad\/es\/wp-json\/wp\/v2\/media?parent=75637"}],"wp:term":[{"taxonomy":"product_brand","embeddable":true,"href":"https:\/\/maisonroca.ad\/es\/wp-json\/wp\/v2\/product_brand?post=75637"},{"taxonomy":"product_cat","embeddable":true,"href":"https:\/\/maisonroca.ad\/es\/wp-json\/wp\/v2\/product_cat?post=75637"},{"taxonomy":"product_tag","embeddable":true,"href":"https:\/\/maisonroca.ad\/es\/wp-json\/wp\/v2\/product_tag?post=75637"}],"curies":[{"name":"wp","href":"https:\/\/api.w.org\/{rel}","templated":true}]}}