{"id":75685,"date":"2025-08-13T17:04:34","date_gmt":"2025-08-13T15:04:34","guid":{"rendered":"https:\/\/maisonroca.ad\/?post_type=product&#038;p=75685"},"modified":"2026-01-27T09:51:37","modified_gmt":"2026-01-27T08:51:37","slug":"bracalet-my-mikado-tamara-comolli-4","status":"publish","type":"product","link":"https:\/\/maisonroca.ad\/es\/tienda\/bracalet-my-mikado-tamara-comolli-4\/","title":{"rendered":"BRA\u00c7ALET MY MIKADO &#8211; TAMARA COMOLLI"},"content":{"rendered":"<p>Pulsera Tamara Comolli My Mikado de oro amarillo y peridoto con cord\u00f3n de nailon.<\/p>\n<p>Con un peque\u00f1o cono de peridoto verde, este brazalete de nailon es un toque de frescura ideal para cada d\u00eda. El detalle en forma de gota de oro pulido le da ese brillo especial que lo hace \u00fanico. Divertido, c\u00f3modo y con mucha personalidad \u2014 \u00a1te costar\u00e1 salir de casa sin \u00e9l!<\/p>\n<p>Detalles:<\/p>\n<p>\u2022 Oro amarillo 18k<br \/>\n\u2022 Peridoto 1,05 ct<\/p>\n","protected":false},"excerpt":{"rendered":"<p>Bra\u00e7alet Tamara Comolli My Mikado d&#8217;or groc i peridot amb cord\u00f3 de nil\u00f3.<\/p>\n<p>El bra\u00e7alet de nil\u00f3 amb un petit con de peridot verd \u00e9s una joia fresca i divertida que t&#8217;acompanyar\u00e0 sempre. Amb l\u2019acabat brillant d\u2019una gota d\u2019or, es converteix en un detall delicat ple de car\u00e0cter. Impossible sortir de casa sense ell!<\/p>\n","protected":false},"featured_media":73104,"comment_status":"closed","ping_status":"closed","template":"","meta":{"_acf_changed":false,"_monsterinsights_skip_tracking":false,"_monsterinsights_sitenote_active":false,"_monsterinsights_sitenote_note":"","_monsterinsights_sitenote_category":0},"product_brand":[],"product_cat":[1217,3447],"product_tag":[1631,1579,1635,2781],"class_list":{"0":"post-75685","1":"product","2":"type-product","3":"status-publish","4":"has-post-thumbnail","6":"product_cat-joyas","7":"product_cat-tamara-comolli-es","8":"product_tag-crisolita","9":"product_tag-oro-amarillo","10":"product_tag-pulseras","11":"product_tag-tamara-comolli-es","13":"first","14":"instock","15":"shipping-taxable","16":"purchasable","17":"product-type-simple"},"acf":[],"yoast_head":"<!-- This site is optimized with the Yoast SEO Premium plugin v26.8 (Yoast SEO v27.4) - https:\/\/yoast.com\/product\/yoast-seo-premium-wordpress\/ -->\n<title>BRA\u00c7ALET MY MIKADO - TAMARA COMOLLI - Maison Roca<\/title>\n<meta name=\"robots\" content=\"index, follow, max-snippet:-1, max-image-preview:large, max-video-preview:-1\" \/>\n<link rel=\"canonical\" href=\"https:\/\/maisonroca.ad\/es\/tienda\/bracalet-my-mikado-tamara-comolli-4\/\" \/>\n<meta property=\"og:locale\" content=\"es_ES\" \/>\n<meta property=\"og:type\" content=\"article\" \/>\n<meta property=\"og:title\" content=\"BRA\u00c7ALET MY MIKADO - TAMARA COMOLLI\" \/>\n<meta property=\"og:description\" content=\"Bra\u00e7alet Tamara Comolli My Mikado d&#039;or groc i peridot amb cord\u00f3 de nil\u00f3.  El bra\u00e7alet de nil\u00f3 amb un petit con de peridot verd \u00e9s una joia fresca i divertida que t&#039;acompanyar\u00e0 sempre. Amb l\u2019acabat brillant d\u2019una gota d\u2019or, es converteix en un detall delicat ple de car\u00e0cter. Impossible sortir de casa sense ell!\" \/>\n<meta property=\"og:url\" content=\"https:\/\/maisonroca.ad\/es\/tienda\/bracalet-my-mikado-tamara-comolli-4\/\" \/>\n<meta property=\"og:site_name\" content=\"Maison Roca\" \/>\n<meta property=\"article:publisher\" content=\"https:\/\/www.facebook.com\/maisonroca\" \/>\n<meta property=\"article:modified_time\" content=\"2026-01-27T08:51:37+00:00\" \/>\n<meta property=\"og:image\" content=\"https:\/\/maisonroca.ad\/wp-content\/uploads\/2025\/05\/b-mm-per-yg.jpg\" \/>\n\t<meta property=\"og:image:width\" content=\"1080\" \/>\n\t<meta property=\"og:image:height\" content=\"1080\" \/>\n\t<meta property=\"og:image:type\" content=\"image\/jpeg\" \/>\n<meta name=\"twitter:card\" content=\"summary_large_image\" \/>\n<meta name=\"twitter:label1\" content=\"Precio\" \/>\n\t<meta name=\"twitter:data1\" content=\"657,00&nbsp;&euro;\" \/>\n\t<meta name=\"twitter:label2\" content=\"Disponibilidad\" \/>\n\t<meta name=\"twitter:data2\" content=\"Disponible\" \/>\n<script type=\"application\/ld+json\" class=\"yoast-schema-graph\">{\"@context\":\"https:\\\/\\\/schema.org\",\"@graph\":[{\"@type\":\"WebPage\",\"@id\":\"https:\\\/\\\/maisonroca.ad\\\/es\\\/tienda\\\/bracalet-my-mikado-tamara-comolli-4\\\/\",\"url\":\"https:\\\/\\\/maisonroca.ad\\\/es\\\/tienda\\\/bracalet-my-mikado-tamara-comolli-4\\\/\",\"name\":\"BRA\u00c7ALET MY MIKADO - TAMARA COMOLLI - Maison Roca\",\"isPartOf\":{\"@id\":\"https:\\\/\\\/maisonroca.ad\\\/es\\\/#website\"},\"primaryImageOfPage\":{\"@id\":\"https:\\\/\\\/maisonroca.ad\\\/es\\\/tienda\\\/bracalet-my-mikado-tamara-comolli-4\\\/#primaryimage\"},\"image\":{\"@id\":\"https:\\\/\\\/maisonroca.ad\\\/es\\\/tienda\\\/bracalet-my-mikado-tamara-comolli-4\\\/#primaryimage\"},\"thumbnailUrl\":\"https:\\\/\\\/maisonroca.ad\\\/wp-content\\\/uploads\\\/2025\\\/05\\\/b-mm-per-yg.jpg\",\"datePublished\":\"2025-08-13T15:04:34+00:00\",\"dateModified\":\"2026-01-27T08:51:37+00:00\",\"breadcrumb\":{\"@id\":\"https:\\\/\\\/maisonroca.ad\\\/es\\\/tienda\\\/bracalet-my-mikado-tamara-comolli-4\\\/#breadcrumb\"},\"inLanguage\":\"es\",\"potentialAction\":[{\"@type\":\"ReadAction\",\"target\":[\"https:\\\/\\\/maisonroca.ad\\\/es\\\/tienda\\\/bracalet-my-mikado-tamara-comolli-4\\\/\"]}]},{\"@type\":\"ImageObject\",\"inLanguage\":\"es\",\"@id\":\"https:\\\/\\\/maisonroca.ad\\\/es\\\/tienda\\\/bracalet-my-mikado-tamara-comolli-4\\\/#primaryimage\",\"url\":\"https:\\\/\\\/maisonroca.ad\\\/wp-content\\\/uploads\\\/2025\\\/05\\\/b-mm-per-yg.jpg\",\"contentUrl\":\"https:\\\/\\\/maisonroca.ad\\\/wp-content\\\/uploads\\\/2025\\\/05\\\/b-mm-per-yg.jpg\",\"width\":1080,\"height\":1080},{\"@type\":\"BreadcrumbList\",\"@id\":\"https:\\\/\\\/maisonroca.ad\\\/es\\\/tienda\\\/bracalet-my-mikado-tamara-comolli-4\\\/#breadcrumb\",\"itemListElement\":[{\"@type\":\"ListItem\",\"position\":1,\"name\":\"Portada\",\"item\":\"https:\\\/\\\/maisonroca.ad\\\/es\\\/\"},{\"@type\":\"ListItem\",\"position\":2,\"name\":\"Botiga\",\"item\":\"https:\\\/\\\/maisonroca.ad\\\/botiga\\\/\"},{\"@type\":\"ListItem\",\"position\":3,\"name\":\"BRA\u00c7ALET MY MIKADO &#8211; TAMARA COMOLLI\"}]},{\"@type\":\"WebSite\",\"@id\":\"https:\\\/\\\/maisonroca.ad\\\/es\\\/#website\",\"url\":\"https:\\\/\\\/maisonroca.ad\\\/es\\\/\",\"name\":\"Maison Roca\",\"description\":\"Bold Luxury Life - joieria d&#039;autor - Andorra\",\"publisher\":{\"@id\":\"https:\\\/\\\/maisonroca.ad\\\/es\\\/#organization\"},\"potentialAction\":[{\"@type\":\"SearchAction\",\"target\":{\"@type\":\"EntryPoint\",\"urlTemplate\":\"https:\\\/\\\/maisonroca.ad\\\/es\\\/?s={search_term_string}\"},\"query-input\":{\"@type\":\"PropertyValueSpecification\",\"valueRequired\":true,\"valueName\":\"search_term_string\"}}],\"inLanguage\":\"es\"},{\"@type\":\"Organization\",\"@id\":\"https:\\\/\\\/maisonroca.ad\\\/es\\\/#organization\",\"name\":\"Maison Roca\",\"url\":\"https:\\\/\\\/maisonroca.ad\\\/es\\\/\",\"logo\":{\"@type\":\"ImageObject\",\"inLanguage\":\"es\",\"@id\":\"https:\\\/\\\/maisonroca.ad\\\/es\\\/#\\\/schema\\\/logo\\\/image\\\/\",\"url\":\"https:\\\/\\\/maisonroca.ad\\\/wp-content\\\/uploads\\\/2023\\\/10\\\/icono.png\",\"contentUrl\":\"https:\\\/\\\/maisonroca.ad\\\/wp-content\\\/uploads\\\/2023\\\/10\\\/icono.png\",\"width\":512,\"height\":512,\"caption\":\"Maison Roca\"},\"image\":{\"@id\":\"https:\\\/\\\/maisonroca.ad\\\/es\\\/#\\\/schema\\\/logo\\\/image\\\/\"},\"sameAs\":[\"https:\\\/\\\/www.facebook.com\\\/maisonroca\",\"https:\\\/\\\/www.instagram.com\\\/maisonroca\\\/\"]}]}<\/script>\n<meta property=\"product:price:amount\" content=\"657.00\" \/>\n<meta property=\"product:price:currency\" content=\"EUR\" \/>\n<meta property=\"og:availability\" content=\"instock\" \/>\n<meta property=\"product:availability\" content=\"instock\" \/>\n<meta property=\"product:retailer_item_id\" content=\"B-MM-PER-YG\" \/>\n<meta property=\"product:condition\" content=\"new\" \/>\n<!-- \/ Yoast SEO Premium plugin. -->","yoast_head_json":{"title":"BRA\u00c7ALET MY MIKADO - TAMARA COMOLLI - Maison Roca","robots":{"index":"index","follow":"follow","max-snippet":"max-snippet:-1","max-image-preview":"max-image-preview:large","max-video-preview":"max-video-preview:-1"},"canonical":"https:\/\/maisonroca.ad\/es\/tienda\/bracalet-my-mikado-tamara-comolli-4\/","og_locale":"es_ES","og_type":"article","og_title":"BRA\u00c7ALET MY MIKADO - TAMARA COMOLLI","og_description":"Bra\u00e7alet Tamara Comolli My Mikado d'or groc i peridot amb cord\u00f3 de nil\u00f3.  El bra\u00e7alet de nil\u00f3 amb un petit con de peridot verd \u00e9s una joia fresca i divertida que t'acompanyar\u00e0 sempre. Amb l\u2019acabat brillant d\u2019una gota d\u2019or, es converteix en un detall delicat ple de car\u00e0cter. Impossible sortir de casa sense ell!","og_url":"https:\/\/maisonroca.ad\/es\/tienda\/bracalet-my-mikado-tamara-comolli-4\/","og_site_name":"Maison Roca","article_publisher":"https:\/\/www.facebook.com\/maisonroca","article_modified_time":"2026-01-27T08:51:37+00:00","og_image":[{"width":1080,"height":1080,"url":"https:\/\/maisonroca.ad\/wp-content\/uploads\/2025\/05\/b-mm-per-yg.jpg","type":"image\/jpeg"}],"twitter_card":"summary_large_image","twitter_misc":{"Precio":"657,00&nbsp;&euro;","Disponibilidad":"Disponible"},"schema":{"@context":"https:\/\/schema.org","@graph":[{"@type":"WebPage","@id":"https:\/\/maisonroca.ad\/es\/tienda\/bracalet-my-mikado-tamara-comolli-4\/","url":"https:\/\/maisonroca.ad\/es\/tienda\/bracalet-my-mikado-tamara-comolli-4\/","name":"BRA\u00c7ALET MY MIKADO - TAMARA COMOLLI - Maison Roca","isPartOf":{"@id":"https:\/\/maisonroca.ad\/es\/#website"},"primaryImageOfPage":{"@id":"https:\/\/maisonroca.ad\/es\/tienda\/bracalet-my-mikado-tamara-comolli-4\/#primaryimage"},"image":{"@id":"https:\/\/maisonroca.ad\/es\/tienda\/bracalet-my-mikado-tamara-comolli-4\/#primaryimage"},"thumbnailUrl":"https:\/\/maisonroca.ad\/wp-content\/uploads\/2025\/05\/b-mm-per-yg.jpg","datePublished":"2025-08-13T15:04:34+00:00","dateModified":"2026-01-27T08:51:37+00:00","breadcrumb":{"@id":"https:\/\/maisonroca.ad\/es\/tienda\/bracalet-my-mikado-tamara-comolli-4\/#breadcrumb"},"inLanguage":"es","potentialAction":[{"@type":"ReadAction","target":["https:\/\/maisonroca.ad\/es\/tienda\/bracalet-my-mikado-tamara-comolli-4\/"]}]},{"@type":"ImageObject","inLanguage":"es","@id":"https:\/\/maisonroca.ad\/es\/tienda\/bracalet-my-mikado-tamara-comolli-4\/#primaryimage","url":"https:\/\/maisonroca.ad\/wp-content\/uploads\/2025\/05\/b-mm-per-yg.jpg","contentUrl":"https:\/\/maisonroca.ad\/wp-content\/uploads\/2025\/05\/b-mm-per-yg.jpg","width":1080,"height":1080},{"@type":"BreadcrumbList","@id":"https:\/\/maisonroca.ad\/es\/tienda\/bracalet-my-mikado-tamara-comolli-4\/#breadcrumb","itemListElement":[{"@type":"ListItem","position":1,"name":"Portada","item":"https:\/\/maisonroca.ad\/es\/"},{"@type":"ListItem","position":2,"name":"Botiga","item":"https:\/\/maisonroca.ad\/botiga\/"},{"@type":"ListItem","position":3,"name":"BRA\u00c7ALET MY MIKADO &#8211; TAMARA COMOLLI"}]},{"@type":"WebSite","@id":"https:\/\/maisonroca.ad\/es\/#website","url":"https:\/\/maisonroca.ad\/es\/","name":"Maison Roca","description":"Bold Luxury Life - joieria d&#039;autor - Andorra","publisher":{"@id":"https:\/\/maisonroca.ad\/es\/#organization"},"potentialAction":[{"@type":"SearchAction","target":{"@type":"EntryPoint","urlTemplate":"https:\/\/maisonroca.ad\/es\/?s={search_term_string}"},"query-input":{"@type":"PropertyValueSpecification","valueRequired":true,"valueName":"search_term_string"}}],"inLanguage":"es"},{"@type":"Organization","@id":"https:\/\/maisonroca.ad\/es\/#organization","name":"Maison Roca","url":"https:\/\/maisonroca.ad\/es\/","logo":{"@type":"ImageObject","inLanguage":"es","@id":"https:\/\/maisonroca.ad\/es\/#\/schema\/logo\/image\/","url":"https:\/\/maisonroca.ad\/wp-content\/uploads\/2023\/10\/icono.png","contentUrl":"https:\/\/maisonroca.ad\/wp-content\/uploads\/2023\/10\/icono.png","width":512,"height":512,"caption":"Maison Roca"},"image":{"@id":"https:\/\/maisonroca.ad\/es\/#\/schema\/logo\/image\/"},"sameAs":["https:\/\/www.facebook.com\/maisonroca","https:\/\/www.instagram.com\/maisonroca\/"]}]},"product_price_amount":"657.00","product_price_currency":"EUR","og_availability":"instock","product_availability":"instock","product_retailer_item_id":"B-MM-PER-YG","product_condition":"new"},"_links":{"self":[{"href":"https:\/\/maisonroca.ad\/es\/wp-json\/wp\/v2\/product\/75685","targetHints":{"allow":["GET"]}}],"collection":[{"href":"https:\/\/maisonroca.ad\/es\/wp-json\/wp\/v2\/product"}],"about":[{"href":"https:\/\/maisonroca.ad\/es\/wp-json\/wp\/v2\/types\/product"}],"replies":[{"embeddable":true,"href":"https:\/\/maisonroca.ad\/es\/wp-json\/wp\/v2\/comments?post=75685"}],"version-history":[{"count":6,"href":"https:\/\/maisonroca.ad\/es\/wp-json\/wp\/v2\/product\/75685\/revisions"}],"predecessor-version":[{"id":83216,"href":"https:\/\/maisonroca.ad\/es\/wp-json\/wp\/v2\/product\/75685\/revisions\/83216"}],"wp:featuredmedia":[{"embeddable":true,"href":"https:\/\/maisonroca.ad\/es\/wp-json\/wp\/v2\/media\/73104"}],"wp:attachment":[{"href":"https:\/\/maisonroca.ad\/es\/wp-json\/wp\/v2\/media?parent=75685"}],"wp:term":[{"taxonomy":"product_brand","embeddable":true,"href":"https:\/\/maisonroca.ad\/es\/wp-json\/wp\/v2\/product_brand?post=75685"},{"taxonomy":"product_cat","embeddable":true,"href":"https:\/\/maisonroca.ad\/es\/wp-json\/wp\/v2\/product_cat?post=75685"},{"taxonomy":"product_tag","embeddable":true,"href":"https:\/\/maisonroca.ad\/es\/wp-json\/wp\/v2\/product_tag?post=75685"}],"curies":[{"name":"wp","href":"https:\/\/api.w.org\/{rel}","templated":true}]}}