{"id":75689,"date":"2025-08-13T17:04:36","date_gmt":"2025-08-13T15:04:36","guid":{"rendered":"https:\/\/maisonroca.ad\/?post_type=product&#038;p=75689"},"modified":"2026-01-27T09:23:40","modified_gmt":"2026-01-27T08:23:40","slug":"brazalete-my-mikado-tamara-comolli-2","status":"publish","type":"product","link":"https:\/\/maisonroca.ad\/es\/tienda\/brazalete-my-mikado-tamara-comolli-2\/","title":{"rendered":"BRAZALETE MY MIKADO &#8211; TAMARA COMOLLI"},"content":{"rendered":"<p>Pulsera Tamara Comolli My Mikado de oro amarillo y turquesa con cord\u00f3n de nailon.<\/p>\n<p>Esta pieza ligera y colorida de la colecci\u00f3n myMIKADO evoca la frescura del verano eterno. La turquesa, llena de vida, se presenta en un peque\u00f1o cono de oro de 18 quilates que cuelga de un cord\u00f3n de nailon vibrante. Un detalle en forma de gota en oro a\u00f1ade un toque delicado al dise\u00f1o. Disponible en los tres tonos de oro y con cierre ajustable, es una pulsera pensada para acompa\u00f1arte cada d\u00eda con alegr\u00eda y estilo.<\/p>\n<p>Detalles:<\/p>\n<p>\u2022 Oro amarillo 18k<br \/>\n\u2022 Turquesa 0,14 ct<\/p>\n","protected":false},"excerpt":{"rendered":"<p>Bra\u00e7alet Tamara Comolli My Mikado d&#8217;or groc i tuquesa amb cord\u00f3 de nil\u00f3.<\/p>\n<p>Aquest bra\u00e7alet delicat de la col\u00b7lecci\u00f3 myMIKADO amb turquesa i or groc de 18 quirats \u00e9s un homenatge a l\u2019estiu etern. La pedra, vibrant i plena d\u2019energia, es presenta en un petit con muntat sobre cord\u00f3 de nil\u00f3 acolorit, amb un detall en forma de gota d\u2019or que hi afegeix encant. \u00c9s una pe\u00e7a alegre i lleugera, perfecta per al dia a dia, disponible en les tres tonalitats d\u2019or i amb ajust f\u00e0cil per adaptar-se a qualsevol canell. Un imprescindible que sempre et voldr\u00e0 acompanyar!<\/p>\n","protected":false},"featured_media":73108,"comment_status":"closed","ping_status":"closed","template":"","meta":{"_acf_changed":false,"_monsterinsights_skip_tracking":false,"_monsterinsights_sitenote_active":false,"_monsterinsights_sitenote_note":"","_monsterinsights_sitenote_category":0},"product_brand":[],"product_cat":[1217,3447],"product_tag":[1579,1635,2781,2143],"class_list":{"0":"post-75689","1":"product","2":"type-product","3":"status-publish","4":"has-post-thumbnail","6":"product_cat-joyas","7":"product_cat-tamara-comolli-es","8":"product_tag-oro-amarillo","9":"product_tag-pulseras","10":"product_tag-tamara-comolli-es","11":"product_tag-turquesa-2","13":"first","14":"instock","15":"shipping-taxable","16":"purchasable","17":"product-type-simple"},"acf":[],"yoast_head":"<!-- This site is optimized with the Yoast SEO Premium plugin v26.8 (Yoast SEO v27.4) - https:\/\/yoast.com\/product\/yoast-seo-premium-wordpress\/ -->\n<title>BRAZALETE MY MIKADO - TAMARA COMOLLI - Maison Roca<\/title>\n<meta name=\"robots\" content=\"index, follow, max-snippet:-1, max-image-preview:large, max-video-preview:-1\" \/>\n<link rel=\"canonical\" href=\"https:\/\/maisonroca.ad\/es\/tienda\/brazalete-my-mikado-tamara-comolli-2\/\" \/>\n<meta property=\"og:locale\" content=\"es_ES\" \/>\n<meta property=\"og:type\" content=\"article\" \/>\n<meta property=\"og:title\" content=\"BRAZALETE MY MIKADO - TAMARA COMOLLI\" \/>\n<meta property=\"og:description\" content=\"Bra\u00e7alet Tamara Comolli My Mikado d&#039;or groc i tuquesa amb cord\u00f3 de nil\u00f3.  Aquest bra\u00e7alet delicat de la col\u00b7lecci\u00f3 myMIKADO amb turquesa i or groc de 18 quirats \u00e9s un homenatge a l\u2019estiu etern. La pedra, vibrant i plena d\u2019energia, es presenta en un petit con muntat sobre cord\u00f3 de nil\u00f3 acolorit, amb un detall en forma de gota d\u2019or que hi afegeix encant. \u00c9s una pe\u00e7a alegre i lleugera, perfecta per al dia a dia, disponible en les tres tonalitats d\u2019or i amb ajust f\u00e0cil per adaptar-se a qualsevol canell. Un imprescindible que sempre et voldr\u00e0 acompanyar!\" \/>\n<meta property=\"og:url\" content=\"https:\/\/maisonroca.ad\/es\/tienda\/brazalete-my-mikado-tamara-comolli-2\/\" \/>\n<meta property=\"og:site_name\" content=\"Maison Roca\" \/>\n<meta property=\"article:publisher\" content=\"https:\/\/www.facebook.com\/maisonroca\" \/>\n<meta property=\"article:modified_time\" content=\"2026-01-27T08:23:40+00:00\" \/>\n<meta property=\"og:image\" content=\"https:\/\/maisonroca.ad\/wp-content\/uploads\/2025\/05\/b-mm-tur-yg.jpg\" \/>\n\t<meta property=\"og:image:width\" content=\"1080\" \/>\n\t<meta property=\"og:image:height\" content=\"1080\" \/>\n\t<meta property=\"og:image:type\" content=\"image\/jpeg\" \/>\n<meta name=\"twitter:card\" content=\"summary_large_image\" \/>\n<meta name=\"twitter:label1\" content=\"Precio\" \/>\n\t<meta name=\"twitter:data1\" content=\"612,00&nbsp;&euro;\" \/>\n\t<meta name=\"twitter:label2\" content=\"Disponibilidad\" \/>\n\t<meta name=\"twitter:data2\" content=\"Disponible\" \/>\n<script type=\"application\/ld+json\" class=\"yoast-schema-graph\">{\"@context\":\"https:\\\/\\\/schema.org\",\"@graph\":[{\"@type\":\"WebPage\",\"@id\":\"https:\\\/\\\/maisonroca.ad\\\/es\\\/tienda\\\/brazalete-my-mikado-tamara-comolli-2\\\/\",\"url\":\"https:\\\/\\\/maisonroca.ad\\\/es\\\/tienda\\\/brazalete-my-mikado-tamara-comolli-2\\\/\",\"name\":\"BRAZALETE MY MIKADO - TAMARA COMOLLI - Maison Roca\",\"isPartOf\":{\"@id\":\"https:\\\/\\\/maisonroca.ad\\\/es\\\/#website\"},\"primaryImageOfPage\":{\"@id\":\"https:\\\/\\\/maisonroca.ad\\\/es\\\/tienda\\\/brazalete-my-mikado-tamara-comolli-2\\\/#primaryimage\"},\"image\":{\"@id\":\"https:\\\/\\\/maisonroca.ad\\\/es\\\/tienda\\\/brazalete-my-mikado-tamara-comolli-2\\\/#primaryimage\"},\"thumbnailUrl\":\"https:\\\/\\\/maisonroca.ad\\\/wp-content\\\/uploads\\\/2025\\\/05\\\/b-mm-tur-yg.jpg\",\"datePublished\":\"2025-08-13T15:04:36+00:00\",\"dateModified\":\"2026-01-27T08:23:40+00:00\",\"breadcrumb\":{\"@id\":\"https:\\\/\\\/maisonroca.ad\\\/es\\\/tienda\\\/brazalete-my-mikado-tamara-comolli-2\\\/#breadcrumb\"},\"inLanguage\":\"es\",\"potentialAction\":[{\"@type\":\"ReadAction\",\"target\":[\"https:\\\/\\\/maisonroca.ad\\\/es\\\/tienda\\\/brazalete-my-mikado-tamara-comolli-2\\\/\"]}]},{\"@type\":\"ImageObject\",\"inLanguage\":\"es\",\"@id\":\"https:\\\/\\\/maisonroca.ad\\\/es\\\/tienda\\\/brazalete-my-mikado-tamara-comolli-2\\\/#primaryimage\",\"url\":\"https:\\\/\\\/maisonroca.ad\\\/wp-content\\\/uploads\\\/2025\\\/05\\\/b-mm-tur-yg.jpg\",\"contentUrl\":\"https:\\\/\\\/maisonroca.ad\\\/wp-content\\\/uploads\\\/2025\\\/05\\\/b-mm-tur-yg.jpg\",\"width\":1080,\"height\":1080},{\"@type\":\"BreadcrumbList\",\"@id\":\"https:\\\/\\\/maisonroca.ad\\\/es\\\/tienda\\\/brazalete-my-mikado-tamara-comolli-2\\\/#breadcrumb\",\"itemListElement\":[{\"@type\":\"ListItem\",\"position\":1,\"name\":\"Portada\",\"item\":\"https:\\\/\\\/maisonroca.ad\\\/es\\\/\"},{\"@type\":\"ListItem\",\"position\":2,\"name\":\"Botiga\",\"item\":\"https:\\\/\\\/maisonroca.ad\\\/botiga\\\/\"},{\"@type\":\"ListItem\",\"position\":3,\"name\":\"BRAZALETE MY MIKADO &#8211; TAMARA COMOLLI\"}]},{\"@type\":\"WebSite\",\"@id\":\"https:\\\/\\\/maisonroca.ad\\\/es\\\/#website\",\"url\":\"https:\\\/\\\/maisonroca.ad\\\/es\\\/\",\"name\":\"Maison Roca\",\"description\":\"Bold Luxury Life - joieria d&#039;autor - Andorra\",\"publisher\":{\"@id\":\"https:\\\/\\\/maisonroca.ad\\\/es\\\/#organization\"},\"potentialAction\":[{\"@type\":\"SearchAction\",\"target\":{\"@type\":\"EntryPoint\",\"urlTemplate\":\"https:\\\/\\\/maisonroca.ad\\\/es\\\/?s={search_term_string}\"},\"query-input\":{\"@type\":\"PropertyValueSpecification\",\"valueRequired\":true,\"valueName\":\"search_term_string\"}}],\"inLanguage\":\"es\"},{\"@type\":\"Organization\",\"@id\":\"https:\\\/\\\/maisonroca.ad\\\/es\\\/#organization\",\"name\":\"Maison Roca\",\"url\":\"https:\\\/\\\/maisonroca.ad\\\/es\\\/\",\"logo\":{\"@type\":\"ImageObject\",\"inLanguage\":\"es\",\"@id\":\"https:\\\/\\\/maisonroca.ad\\\/es\\\/#\\\/schema\\\/logo\\\/image\\\/\",\"url\":\"https:\\\/\\\/maisonroca.ad\\\/wp-content\\\/uploads\\\/2023\\\/10\\\/icono.png\",\"contentUrl\":\"https:\\\/\\\/maisonroca.ad\\\/wp-content\\\/uploads\\\/2023\\\/10\\\/icono.png\",\"width\":512,\"height\":512,\"caption\":\"Maison Roca\"},\"image\":{\"@id\":\"https:\\\/\\\/maisonroca.ad\\\/es\\\/#\\\/schema\\\/logo\\\/image\\\/\"},\"sameAs\":[\"https:\\\/\\\/www.facebook.com\\\/maisonroca\",\"https:\\\/\\\/www.instagram.com\\\/maisonroca\\\/\"]}]}<\/script>\n<meta property=\"product:price:amount\" content=\"612.00\" \/>\n<meta property=\"product:price:currency\" content=\"EUR\" \/>\n<meta property=\"og:availability\" content=\"instock\" \/>\n<meta property=\"product:availability\" content=\"instock\" \/>\n<meta property=\"product:retailer_item_id\" content=\"B-MM-TUR-YG\" \/>\n<meta property=\"product:condition\" content=\"new\" \/>\n<!-- \/ Yoast SEO Premium plugin. -->","yoast_head_json":{"title":"BRAZALETE MY MIKADO - TAMARA COMOLLI - Maison Roca","robots":{"index":"index","follow":"follow","max-snippet":"max-snippet:-1","max-image-preview":"max-image-preview:large","max-video-preview":"max-video-preview:-1"},"canonical":"https:\/\/maisonroca.ad\/es\/tienda\/brazalete-my-mikado-tamara-comolli-2\/","og_locale":"es_ES","og_type":"article","og_title":"BRAZALETE MY MIKADO - TAMARA COMOLLI","og_description":"Bra\u00e7alet Tamara Comolli My Mikado d'or groc i tuquesa amb cord\u00f3 de nil\u00f3.  Aquest bra\u00e7alet delicat de la col\u00b7lecci\u00f3 myMIKADO amb turquesa i or groc de 18 quirats \u00e9s un homenatge a l\u2019estiu etern. La pedra, vibrant i plena d\u2019energia, es presenta en un petit con muntat sobre cord\u00f3 de nil\u00f3 acolorit, amb un detall en forma de gota d\u2019or que hi afegeix encant. \u00c9s una pe\u00e7a alegre i lleugera, perfecta per al dia a dia, disponible en les tres tonalitats d\u2019or i amb ajust f\u00e0cil per adaptar-se a qualsevol canell. Un imprescindible que sempre et voldr\u00e0 acompanyar!","og_url":"https:\/\/maisonroca.ad\/es\/tienda\/brazalete-my-mikado-tamara-comolli-2\/","og_site_name":"Maison Roca","article_publisher":"https:\/\/www.facebook.com\/maisonroca","article_modified_time":"2026-01-27T08:23:40+00:00","og_image":[{"width":1080,"height":1080,"url":"https:\/\/maisonroca.ad\/wp-content\/uploads\/2025\/05\/b-mm-tur-yg.jpg","type":"image\/jpeg"}],"twitter_card":"summary_large_image","twitter_misc":{"Precio":"612,00&nbsp;&euro;","Disponibilidad":"Disponible"},"schema":{"@context":"https:\/\/schema.org","@graph":[{"@type":"WebPage","@id":"https:\/\/maisonroca.ad\/es\/tienda\/brazalete-my-mikado-tamara-comolli-2\/","url":"https:\/\/maisonroca.ad\/es\/tienda\/brazalete-my-mikado-tamara-comolli-2\/","name":"BRAZALETE MY MIKADO - TAMARA COMOLLI - Maison Roca","isPartOf":{"@id":"https:\/\/maisonroca.ad\/es\/#website"},"primaryImageOfPage":{"@id":"https:\/\/maisonroca.ad\/es\/tienda\/brazalete-my-mikado-tamara-comolli-2\/#primaryimage"},"image":{"@id":"https:\/\/maisonroca.ad\/es\/tienda\/brazalete-my-mikado-tamara-comolli-2\/#primaryimage"},"thumbnailUrl":"https:\/\/maisonroca.ad\/wp-content\/uploads\/2025\/05\/b-mm-tur-yg.jpg","datePublished":"2025-08-13T15:04:36+00:00","dateModified":"2026-01-27T08:23:40+00:00","breadcrumb":{"@id":"https:\/\/maisonroca.ad\/es\/tienda\/brazalete-my-mikado-tamara-comolli-2\/#breadcrumb"},"inLanguage":"es","potentialAction":[{"@type":"ReadAction","target":["https:\/\/maisonroca.ad\/es\/tienda\/brazalete-my-mikado-tamara-comolli-2\/"]}]},{"@type":"ImageObject","inLanguage":"es","@id":"https:\/\/maisonroca.ad\/es\/tienda\/brazalete-my-mikado-tamara-comolli-2\/#primaryimage","url":"https:\/\/maisonroca.ad\/wp-content\/uploads\/2025\/05\/b-mm-tur-yg.jpg","contentUrl":"https:\/\/maisonroca.ad\/wp-content\/uploads\/2025\/05\/b-mm-tur-yg.jpg","width":1080,"height":1080},{"@type":"BreadcrumbList","@id":"https:\/\/maisonroca.ad\/es\/tienda\/brazalete-my-mikado-tamara-comolli-2\/#breadcrumb","itemListElement":[{"@type":"ListItem","position":1,"name":"Portada","item":"https:\/\/maisonroca.ad\/es\/"},{"@type":"ListItem","position":2,"name":"Botiga","item":"https:\/\/maisonroca.ad\/botiga\/"},{"@type":"ListItem","position":3,"name":"BRAZALETE MY MIKADO &#8211; TAMARA COMOLLI"}]},{"@type":"WebSite","@id":"https:\/\/maisonroca.ad\/es\/#website","url":"https:\/\/maisonroca.ad\/es\/","name":"Maison Roca","description":"Bold Luxury Life - joieria d&#039;autor - Andorra","publisher":{"@id":"https:\/\/maisonroca.ad\/es\/#organization"},"potentialAction":[{"@type":"SearchAction","target":{"@type":"EntryPoint","urlTemplate":"https:\/\/maisonroca.ad\/es\/?s={search_term_string}"},"query-input":{"@type":"PropertyValueSpecification","valueRequired":true,"valueName":"search_term_string"}}],"inLanguage":"es"},{"@type":"Organization","@id":"https:\/\/maisonroca.ad\/es\/#organization","name":"Maison Roca","url":"https:\/\/maisonroca.ad\/es\/","logo":{"@type":"ImageObject","inLanguage":"es","@id":"https:\/\/maisonroca.ad\/es\/#\/schema\/logo\/image\/","url":"https:\/\/maisonroca.ad\/wp-content\/uploads\/2023\/10\/icono.png","contentUrl":"https:\/\/maisonroca.ad\/wp-content\/uploads\/2023\/10\/icono.png","width":512,"height":512,"caption":"Maison Roca"},"image":{"@id":"https:\/\/maisonroca.ad\/es\/#\/schema\/logo\/image\/"},"sameAs":["https:\/\/www.facebook.com\/maisonroca","https:\/\/www.instagram.com\/maisonroca\/"]}]},"product_price_amount":"612.00","product_price_currency":"EUR","og_availability":"instock","product_availability":"instock","product_retailer_item_id":"B-MM-TUR-YG","product_condition":"new"},"_links":{"self":[{"href":"https:\/\/maisonroca.ad\/es\/wp-json\/wp\/v2\/product\/75689","targetHints":{"allow":["GET"]}}],"collection":[{"href":"https:\/\/maisonroca.ad\/es\/wp-json\/wp\/v2\/product"}],"about":[{"href":"https:\/\/maisonroca.ad\/es\/wp-json\/wp\/v2\/types\/product"}],"replies":[{"embeddable":true,"href":"https:\/\/maisonroca.ad\/es\/wp-json\/wp\/v2\/comments?post=75689"}],"version-history":[{"count":6,"href":"https:\/\/maisonroca.ad\/es\/wp-json\/wp\/v2\/product\/75689\/revisions"}],"predecessor-version":[{"id":83179,"href":"https:\/\/maisonroca.ad\/es\/wp-json\/wp\/v2\/product\/75689\/revisions\/83179"}],"wp:featuredmedia":[{"embeddable":true,"href":"https:\/\/maisonroca.ad\/es\/wp-json\/wp\/v2\/media\/73108"}],"wp:attachment":[{"href":"https:\/\/maisonroca.ad\/es\/wp-json\/wp\/v2\/media?parent=75689"}],"wp:term":[{"taxonomy":"product_brand","embeddable":true,"href":"https:\/\/maisonroca.ad\/es\/wp-json\/wp\/v2\/product_brand?post=75689"},{"taxonomy":"product_cat","embeddable":true,"href":"https:\/\/maisonroca.ad\/es\/wp-json\/wp\/v2\/product_cat?post=75689"},{"taxonomy":"product_tag","embeddable":true,"href":"https:\/\/maisonroca.ad\/es\/wp-json\/wp\/v2\/product_tag?post=75689"}],"curies":[{"name":"wp","href":"https:\/\/api.w.org\/{rel}","templated":true}]}}