{"id":75586,"date":"2025-08-13T16:58:27","date_gmt":"2025-08-13T14:58:27","guid":{"rendered":"https:\/\/maisonroca.ad\/?post_type=product&#038;p=75586"},"modified":"2026-01-27T17:39:46","modified_gmt":"2026-01-27T16:39:46","slug":"pendentif-india-mm-tamara-comolli-2","status":"publish","type":"product","link":"https:\/\/maisonroca.ad\/fr\/boutique\/pendentif-india-mm-tamara-comolli-2\/","title":{"rendered":"PENDENTIF INDIA MM &#8211; TAMARA COMOLLI"},"content":{"rendered":"<p data-start=\"0\" data-end=\"61\">Pendentif Tamara Comolli India MM en or jaune et Onyx noir.<\/p>\n<p>Le pendentif INDIA r\u00e9v\u00e8le une feuille en onyx, finement sculpt\u00e9e \u00e0 la main. Suspendu \u00e0 un anneau en or jaune, il offre un contraste intense et raffin\u00e9. Disponible en trois tailles, il est parfait pour superposer les colliers et cr\u00e9er des combinaisons uniques.<\/p>\n<p>D\u00e9tails :<\/p>\n<p>\u2022 Or jaune 18k<br \/>\n\u2022 Onyx noir 30,00 ct<\/p>\n<p>&nbsp;<\/p>\n<p>&nbsp;<\/p>\n<p>&nbsp;<\/p>\n<p>&nbsp;<\/p>\n<p>&nbsp;<\/p>\n<p>&nbsp;<\/p>\n","protected":false},"excerpt":{"rendered":"<p>Penjoll Tamara Comolli India MM d&rsquo;or groc i \u00f2nix negre.<\/p>\n<p>El penjoll INDIA Leaf en mida mitjana presenta una refinada fulla d\u2019\u00f2nix negre, tallada a m\u00e0 amb molta cura. Penja lleugerament d\u2019una anella d\u2019or de 18 quirats, aportant un contrast intens i ple d\u2019estil. Disponible en tres mides, \u00e9s una pe\u00e7a vers\u00e0til i sofisticada, ideal per fer capes amb altres collarets i crear combinacions \u00faniques.<\/p>\n","protected":false},"featured_media":82138,"comment_status":"closed","ping_status":"closed","template":"","meta":{"_acf_changed":false,"_monsterinsights_skip_tracking":false,"_monsterinsights_sitenote_active":false,"_monsterinsights_sitenote_note":"","_monsterinsights_sitenote_category":0},"product_brand":[],"product_cat":[1244,3446],"product_tag":[2539,2807,2732,2799,2787],"class_list":{"0":"post-75586","1":"product","2":"type-product","3":"status-publish","4":"has-post-thumbnail","6":"product_cat-bijou","7":"product_cat-tamara-comolli-fr","8":"product_tag-noir-fr","9":"product_tag-onix-fr","10":"product_tag-or-groc-fr","11":"product_tag-penjolls-fr","12":"product_tag-tamara-comolli-fr","14":"first","15":"instock","16":"shipping-taxable","17":"purchasable","18":"product-type-simple"},"acf":[],"yoast_head":"<!-- This site is optimized with the Yoast SEO Premium plugin v26.8 (Yoast SEO v27.4) - https:\/\/yoast.com\/product\/yoast-seo-premium-wordpress\/ -->\n<title>PENDENTIF INDIA MM - TAMARA COMOLLI - Maison Roca<\/title>\n<meta name=\"robots\" content=\"index, follow, max-snippet:-1, max-image-preview:large, max-video-preview:-1\" \/>\n<link rel=\"canonical\" href=\"https:\/\/maisonroca.ad\/fr\/boutique\/pendentif-india-mm-tamara-comolli-2\/\" \/>\n<meta property=\"og:locale\" content=\"fr_FR\" \/>\n<meta property=\"og:type\" content=\"article\" \/>\n<meta property=\"og:title\" content=\"PENDENTIF INDIA MM - TAMARA COMOLLI\" \/>\n<meta property=\"og:description\" content=\"Penjoll Tamara Comolli India MM d&#039;or groc i \u00f2nix negre.  El penjoll INDIA Leaf en mida mitjana presenta una refinada fulla d\u2019\u00f2nix negre, tallada a m\u00e0 amb molta cura. Penja lleugerament d\u2019una anella d\u2019or de 18 quirats, aportant un contrast intens i ple d\u2019estil. Disponible en tres mides, \u00e9s una pe\u00e7a vers\u00e0til i sofisticada, ideal per fer capes amb altres collarets i crear combinacions \u00faniques.\" \/>\n<meta property=\"og:url\" content=\"https:\/\/maisonroca.ad\/fr\/boutique\/pendentif-india-mm-tamara-comolli-2\/\" \/>\n<meta property=\"og:site_name\" content=\"Maison Roca\" \/>\n<meta property=\"article:publisher\" content=\"https:\/\/www.facebook.com\/maisonroca\" \/>\n<meta property=\"article:modified_time\" content=\"2026-01-27T16:39:46+00:00\" \/>\n<meta property=\"og:image\" content=\"https:\/\/maisonroca.ad\/wp-content\/uploads\/2025\/08\/p-ind-m-bla-yg.jpg\" \/>\n\t<meta property=\"og:image:width\" content=\"1080\" \/>\n\t<meta property=\"og:image:height\" content=\"1080\" \/>\n\t<meta property=\"og:image:type\" content=\"image\/jpeg\" \/>\n<meta name=\"twitter:card\" content=\"summary_large_image\" \/>\n<meta name=\"twitter:label1\" content=\"Prix\" \/>\n\t<meta name=\"twitter:data1\" content=\"990,00&nbsp;&euro;\" \/>\n\t<meta name=\"twitter:label2\" content=\"Disponibilit\u00e9\" \/>\n\t<meta name=\"twitter:data2\" content=\"En stock\" \/>\n<script type=\"application\/ld+json\" class=\"yoast-schema-graph\">{\"@context\":\"https:\\\/\\\/schema.org\",\"@graph\":[{\"@type\":\"WebPage\",\"@id\":\"https:\\\/\\\/maisonroca.ad\\\/fr\\\/boutique\\\/pendentif-india-mm-tamara-comolli-2\\\/\",\"url\":\"https:\\\/\\\/maisonroca.ad\\\/fr\\\/boutique\\\/pendentif-india-mm-tamara-comolli-2\\\/\",\"name\":\"PENDENTIF INDIA MM - TAMARA COMOLLI - Maison Roca\",\"isPartOf\":{\"@id\":\"https:\\\/\\\/maisonroca.ad\\\/fr\\\/#website\"},\"primaryImageOfPage\":{\"@id\":\"https:\\\/\\\/maisonroca.ad\\\/fr\\\/boutique\\\/pendentif-india-mm-tamara-comolli-2\\\/#primaryimage\"},\"image\":{\"@id\":\"https:\\\/\\\/maisonroca.ad\\\/fr\\\/boutique\\\/pendentif-india-mm-tamara-comolli-2\\\/#primaryimage\"},\"thumbnailUrl\":\"https:\\\/\\\/maisonroca.ad\\\/wp-content\\\/uploads\\\/2025\\\/08\\\/p-ind-m-bla-yg.jpg\",\"datePublished\":\"2025-08-13T14:58:27+00:00\",\"dateModified\":\"2026-01-27T16:39:46+00:00\",\"breadcrumb\":{\"@id\":\"https:\\\/\\\/maisonroca.ad\\\/fr\\\/boutique\\\/pendentif-india-mm-tamara-comolli-2\\\/#breadcrumb\"},\"inLanguage\":\"fr-FR\",\"potentialAction\":[{\"@type\":\"ReadAction\",\"target\":[\"https:\\\/\\\/maisonroca.ad\\\/fr\\\/boutique\\\/pendentif-india-mm-tamara-comolli-2\\\/\"]}]},{\"@type\":\"ImageObject\",\"inLanguage\":\"fr-FR\",\"@id\":\"https:\\\/\\\/maisonroca.ad\\\/fr\\\/boutique\\\/pendentif-india-mm-tamara-comolli-2\\\/#primaryimage\",\"url\":\"https:\\\/\\\/maisonroca.ad\\\/wp-content\\\/uploads\\\/2025\\\/08\\\/p-ind-m-bla-yg.jpg\",\"contentUrl\":\"https:\\\/\\\/maisonroca.ad\\\/wp-content\\\/uploads\\\/2025\\\/08\\\/p-ind-m-bla-yg.jpg\",\"width\":1080,\"height\":1080},{\"@type\":\"BreadcrumbList\",\"@id\":\"https:\\\/\\\/maisonroca.ad\\\/fr\\\/boutique\\\/pendentif-india-mm-tamara-comolli-2\\\/#breadcrumb\",\"itemListElement\":[{\"@type\":\"ListItem\",\"position\":1,\"name\":\"Portada\",\"item\":\"https:\\\/\\\/maisonroca.ad\\\/fr\\\/\"},{\"@type\":\"ListItem\",\"position\":2,\"name\":\"Botiga\",\"item\":\"https:\\\/\\\/maisonroca.ad\\\/botiga\\\/\"},{\"@type\":\"ListItem\",\"position\":3,\"name\":\"PENDENTIF INDIA MM &#8211; TAMARA COMOLLI\"}]},{\"@type\":\"WebSite\",\"@id\":\"https:\\\/\\\/maisonroca.ad\\\/fr\\\/#website\",\"url\":\"https:\\\/\\\/maisonroca.ad\\\/fr\\\/\",\"name\":\"Maison Roca\",\"description\":\"Bold Luxury Life - joieria d&#039;autor - Andorra\",\"publisher\":{\"@id\":\"https:\\\/\\\/maisonroca.ad\\\/fr\\\/#organization\"},\"potentialAction\":[{\"@type\":\"SearchAction\",\"target\":{\"@type\":\"EntryPoint\",\"urlTemplate\":\"https:\\\/\\\/maisonroca.ad\\\/fr\\\/?s={search_term_string}\"},\"query-input\":{\"@type\":\"PropertyValueSpecification\",\"valueRequired\":true,\"valueName\":\"search_term_string\"}}],\"inLanguage\":\"fr-FR\"},{\"@type\":\"Organization\",\"@id\":\"https:\\\/\\\/maisonroca.ad\\\/fr\\\/#organization\",\"name\":\"Maison Roca\",\"url\":\"https:\\\/\\\/maisonroca.ad\\\/fr\\\/\",\"logo\":{\"@type\":\"ImageObject\",\"inLanguage\":\"fr-FR\",\"@id\":\"https:\\\/\\\/maisonroca.ad\\\/fr\\\/#\\\/schema\\\/logo\\\/image\\\/\",\"url\":\"https:\\\/\\\/maisonroca.ad\\\/wp-content\\\/uploads\\\/2023\\\/10\\\/icono.png\",\"contentUrl\":\"https:\\\/\\\/maisonroca.ad\\\/wp-content\\\/uploads\\\/2023\\\/10\\\/icono.png\",\"width\":512,\"height\":512,\"caption\":\"Maison Roca\"},\"image\":{\"@id\":\"https:\\\/\\\/maisonroca.ad\\\/fr\\\/#\\\/schema\\\/logo\\\/image\\\/\"},\"sameAs\":[\"https:\\\/\\\/www.facebook.com\\\/maisonroca\",\"https:\\\/\\\/www.instagram.com\\\/maisonroca\\\/\"]}]}<\/script>\n<meta property=\"product:price:amount\" content=\"990.00\" \/>\n<meta property=\"product:price:currency\" content=\"EUR\" \/>\n<meta property=\"og:availability\" content=\"instock\" \/>\n<meta property=\"product:availability\" content=\"instock\" \/>\n<meta property=\"product:retailer_item_id\" content=\"P-IND-M-BLA-YG\" \/>\n<meta property=\"product:condition\" content=\"new\" \/>\n<!-- \/ Yoast SEO Premium plugin. -->","yoast_head_json":{"title":"PENDENTIF INDIA MM - TAMARA COMOLLI - Maison Roca","robots":{"index":"index","follow":"follow","max-snippet":"max-snippet:-1","max-image-preview":"max-image-preview:large","max-video-preview":"max-video-preview:-1"},"canonical":"https:\/\/maisonroca.ad\/fr\/boutique\/pendentif-india-mm-tamara-comolli-2\/","og_locale":"fr_FR","og_type":"article","og_title":"PENDENTIF INDIA MM - TAMARA COMOLLI","og_description":"Penjoll Tamara Comolli India MM d'or groc i \u00f2nix negre.  El penjoll INDIA Leaf en mida mitjana presenta una refinada fulla d\u2019\u00f2nix negre, tallada a m\u00e0 amb molta cura. Penja lleugerament d\u2019una anella d\u2019or de 18 quirats, aportant un contrast intens i ple d\u2019estil. Disponible en tres mides, \u00e9s una pe\u00e7a vers\u00e0til i sofisticada, ideal per fer capes amb altres collarets i crear combinacions \u00faniques.","og_url":"https:\/\/maisonroca.ad\/fr\/boutique\/pendentif-india-mm-tamara-comolli-2\/","og_site_name":"Maison Roca","article_publisher":"https:\/\/www.facebook.com\/maisonroca","article_modified_time":"2026-01-27T16:39:46+00:00","og_image":[{"width":1080,"height":1080,"url":"https:\/\/maisonroca.ad\/wp-content\/uploads\/2025\/08\/p-ind-m-bla-yg.jpg","type":"image\/jpeg"}],"twitter_card":"summary_large_image","twitter_misc":{"Prix":"990,00&nbsp;&euro;","Disponibilit\u00e9":"En stock"},"schema":{"@context":"https:\/\/schema.org","@graph":[{"@type":"WebPage","@id":"https:\/\/maisonroca.ad\/fr\/boutique\/pendentif-india-mm-tamara-comolli-2\/","url":"https:\/\/maisonroca.ad\/fr\/boutique\/pendentif-india-mm-tamara-comolli-2\/","name":"PENDENTIF INDIA MM - TAMARA COMOLLI - Maison Roca","isPartOf":{"@id":"https:\/\/maisonroca.ad\/fr\/#website"},"primaryImageOfPage":{"@id":"https:\/\/maisonroca.ad\/fr\/boutique\/pendentif-india-mm-tamara-comolli-2\/#primaryimage"},"image":{"@id":"https:\/\/maisonroca.ad\/fr\/boutique\/pendentif-india-mm-tamara-comolli-2\/#primaryimage"},"thumbnailUrl":"https:\/\/maisonroca.ad\/wp-content\/uploads\/2025\/08\/p-ind-m-bla-yg.jpg","datePublished":"2025-08-13T14:58:27+00:00","dateModified":"2026-01-27T16:39:46+00:00","breadcrumb":{"@id":"https:\/\/maisonroca.ad\/fr\/boutique\/pendentif-india-mm-tamara-comolli-2\/#breadcrumb"},"inLanguage":"fr-FR","potentialAction":[{"@type":"ReadAction","target":["https:\/\/maisonroca.ad\/fr\/boutique\/pendentif-india-mm-tamara-comolli-2\/"]}]},{"@type":"ImageObject","inLanguage":"fr-FR","@id":"https:\/\/maisonroca.ad\/fr\/boutique\/pendentif-india-mm-tamara-comolli-2\/#primaryimage","url":"https:\/\/maisonroca.ad\/wp-content\/uploads\/2025\/08\/p-ind-m-bla-yg.jpg","contentUrl":"https:\/\/maisonroca.ad\/wp-content\/uploads\/2025\/08\/p-ind-m-bla-yg.jpg","width":1080,"height":1080},{"@type":"BreadcrumbList","@id":"https:\/\/maisonroca.ad\/fr\/boutique\/pendentif-india-mm-tamara-comolli-2\/#breadcrumb","itemListElement":[{"@type":"ListItem","position":1,"name":"Portada","item":"https:\/\/maisonroca.ad\/fr\/"},{"@type":"ListItem","position":2,"name":"Botiga","item":"https:\/\/maisonroca.ad\/botiga\/"},{"@type":"ListItem","position":3,"name":"PENDENTIF INDIA MM &#8211; TAMARA COMOLLI"}]},{"@type":"WebSite","@id":"https:\/\/maisonroca.ad\/fr\/#website","url":"https:\/\/maisonroca.ad\/fr\/","name":"Maison Roca","description":"Bold Luxury Life - joieria d&#039;autor - Andorra","publisher":{"@id":"https:\/\/maisonroca.ad\/fr\/#organization"},"potentialAction":[{"@type":"SearchAction","target":{"@type":"EntryPoint","urlTemplate":"https:\/\/maisonroca.ad\/fr\/?s={search_term_string}"},"query-input":{"@type":"PropertyValueSpecification","valueRequired":true,"valueName":"search_term_string"}}],"inLanguage":"fr-FR"},{"@type":"Organization","@id":"https:\/\/maisonroca.ad\/fr\/#organization","name":"Maison Roca","url":"https:\/\/maisonroca.ad\/fr\/","logo":{"@type":"ImageObject","inLanguage":"fr-FR","@id":"https:\/\/maisonroca.ad\/fr\/#\/schema\/logo\/image\/","url":"https:\/\/maisonroca.ad\/wp-content\/uploads\/2023\/10\/icono.png","contentUrl":"https:\/\/maisonroca.ad\/wp-content\/uploads\/2023\/10\/icono.png","width":512,"height":512,"caption":"Maison Roca"},"image":{"@id":"https:\/\/maisonroca.ad\/fr\/#\/schema\/logo\/image\/"},"sameAs":["https:\/\/www.facebook.com\/maisonroca","https:\/\/www.instagram.com\/maisonroca\/"]}]},"product_price_amount":"990.00","product_price_currency":"EUR","og_availability":"instock","product_availability":"instock","product_retailer_item_id":"P-IND-M-BLA-YG","product_condition":"new"},"_links":{"self":[{"href":"https:\/\/maisonroca.ad\/fr\/wp-json\/wp\/v2\/product\/75586","targetHints":{"allow":["GET"]}}],"collection":[{"href":"https:\/\/maisonroca.ad\/fr\/wp-json\/wp\/v2\/product"}],"about":[{"href":"https:\/\/maisonroca.ad\/fr\/wp-json\/wp\/v2\/types\/product"}],"replies":[{"embeddable":true,"href":"https:\/\/maisonroca.ad\/fr\/wp-json\/wp\/v2\/comments?post=75586"}],"version-history":[{"count":10,"href":"https:\/\/maisonroca.ad\/fr\/wp-json\/wp\/v2\/product\/75586\/revisions"}],"predecessor-version":[{"id":83358,"href":"https:\/\/maisonroca.ad\/fr\/wp-json\/wp\/v2\/product\/75586\/revisions\/83358"}],"wp:featuredmedia":[{"embeddable":true,"href":"https:\/\/maisonroca.ad\/fr\/wp-json\/wp\/v2\/media\/82138"}],"wp:attachment":[{"href":"https:\/\/maisonroca.ad\/fr\/wp-json\/wp\/v2\/media?parent=75586"}],"wp:term":[{"taxonomy":"product_brand","embeddable":true,"href":"https:\/\/maisonroca.ad\/fr\/wp-json\/wp\/v2\/product_brand?post=75586"},{"taxonomy":"product_cat","embeddable":true,"href":"https:\/\/maisonroca.ad\/fr\/wp-json\/wp\/v2\/product_cat?post=75586"},{"taxonomy":"product_tag","embeddable":true,"href":"https:\/\/maisonroca.ad\/fr\/wp-json\/wp\/v2\/product_tag?post=75586"}],"curies":[{"name":"wp","href":"https:\/\/api.w.org\/{rel}","templated":true}]}}