{"id":75596,"date":"2025-08-13T16:58:34","date_gmt":"2025-08-13T14:58:34","guid":{"rendered":"https:\/\/maisonroca.ad\/?post_type=product&#038;p=75596"},"modified":"2026-01-27T17:32:00","modified_gmt":"2026-01-27T16:32:00","slug":"pendentif-mikado-bouquet-tamara-comolli-3","status":"publish","type":"product","link":"https:\/\/maisonroca.ad\/fr\/boutique\/pendentif-mikado-bouquet-tamara-comolli-3\/","title":{"rendered":"PENDENTIF MIKADO BOUQUET &#8211; TAMARA COMOLLI"},"content":{"rendered":"<p data-start=\"0\" data-end=\"66\">Pendentif Tamara Comolli Mikado Bouquet en or jaune et turquoise.<\/p>\n<p>Une turquoise d\u2019un bleu vibrant sertie en or jaune, illumine le pendentif MIKADO Bouquet. Pi\u00e8ce embl\u00e9matique de la collection, il se porte seule ou associ\u00e9e pour un raffinement modulable et intemporel.<\/p>\n<p>D\u00e9tails:<\/p>\n<p>\u2022 Or jaune 18k<br \/>\n\u2022 Turquoise 1,40ct<\/p>\n","protected":false},"excerpt":{"rendered":"<p>Penjoll Tamara Comolli Bouton Bouquet d&rsquo;or groc i turquesa.<\/p>\n<p>El penjoll MIKADO BOUQUET, una de les peces m\u00e9s emblem\u00e0tiques de la col\u00b7lecci\u00f3, brilla amb una preciosa turquesa en la seva inconfusible forma c\u00f2nica. De mida mitjana i engastat en or de 18 quirats, est\u00e0 disponible en moltes altres combinacions de pedres que conviden a col\u00b7leccionar. Ideal per portar-lo amb una cadena refinada o un cord\u00f3 de cuir segons l\u2019ocasi\u00f3 i el teu estil personal.<\/p>\n","protected":false},"featured_media":81761,"comment_status":"closed","ping_status":"closed","template":"","meta":{"_acf_changed":false,"_monsterinsights_skip_tracking":false,"_monsterinsights_sitenote_active":false,"_monsterinsights_sitenote_note":"","_monsterinsights_sitenote_category":0},"product_brand":[],"product_cat":[1244,3446],"product_tag":[2732,2799,2787,2812],"class_list":{"0":"post-75596","1":"product","2":"type-product","3":"status-publish","4":"has-post-thumbnail","6":"product_cat-bijou","7":"product_cat-tamara-comolli-fr","8":"product_tag-or-groc-fr","9":"product_tag-penjolls-fr","10":"product_tag-tamara-comolli-fr","11":"product_tag-turquesa-fr","13":"first","14":"instock","15":"shipping-taxable","16":"purchasable","17":"product-type-simple"},"acf":[],"yoast_head":"<!-- This site is optimized with the Yoast SEO Premium plugin v26.8 (Yoast SEO v27.4) - https:\/\/yoast.com\/product\/yoast-seo-premium-wordpress\/ -->\n<title>PENDENTIF MIKADO BOUQUET - TAMARA COMOLLI - Maison Roca<\/title>\n<meta name=\"robots\" content=\"index, follow, max-snippet:-1, max-image-preview:large, max-video-preview:-1\" \/>\n<link rel=\"canonical\" href=\"https:\/\/maisonroca.ad\/fr\/boutique\/pendentif-mikado-bouquet-tamara-comolli-3\/\" \/>\n<meta property=\"og:locale\" content=\"fr_FR\" \/>\n<meta property=\"og:type\" content=\"article\" \/>\n<meta property=\"og:title\" content=\"PENDENTIF MIKADO BOUQUET - TAMARA COMOLLI\" \/>\n<meta property=\"og:description\" content=\"Penjoll Tamara Comolli Bouton Bouquet d&#039;or groc i turquesa.  El penjoll MIKADO BOUQUET, una de les peces m\u00e9s emblem\u00e0tiques de la col\u00b7lecci\u00f3, brilla amb una preciosa turquesa en la seva inconfusible forma c\u00f2nica. De mida mitjana i engastat en or de 18 quirats, est\u00e0 disponible en moltes altres combinacions de pedres que conviden a col\u00b7leccionar. Ideal per portar-lo amb una cadena refinada o un cord\u00f3 de cuir segons l\u2019ocasi\u00f3 i el teu estil personal.\" \/>\n<meta property=\"og:url\" content=\"https:\/\/maisonroca.ad\/fr\/boutique\/pendentif-mikado-bouquet-tamara-comolli-3\/\" \/>\n<meta property=\"og:site_name\" content=\"Maison Roca\" \/>\n<meta property=\"article:publisher\" content=\"https:\/\/www.facebook.com\/maisonroca\" \/>\n<meta property=\"article:modified_time\" content=\"2026-01-27T16:32:00+00:00\" \/>\n<meta property=\"og:image\" content=\"https:\/\/maisonroca.ad\/wp-content\/uploads\/2025\/08\/p-mb-tur-yg.jpg\" \/>\n\t<meta property=\"og:image:width\" content=\"1080\" \/>\n\t<meta property=\"og:image:height\" content=\"1080\" \/>\n\t<meta property=\"og:image:type\" content=\"image\/jpeg\" \/>\n<meta name=\"twitter:card\" content=\"summary_large_image\" \/>\n<meta name=\"twitter:label1\" content=\"Prix\" \/>\n\t<meta name=\"twitter:data1\" content=\"3.375,00&nbsp;&euro;\" \/>\n\t<meta name=\"twitter:label2\" content=\"Disponibilit\u00e9\" \/>\n\t<meta name=\"twitter:data2\" content=\"En stock\" \/>\n<script type=\"application\/ld+json\" class=\"yoast-schema-graph\">{\"@context\":\"https:\\\/\\\/schema.org\",\"@graph\":[{\"@type\":\"WebPage\",\"@id\":\"https:\\\/\\\/maisonroca.ad\\\/fr\\\/boutique\\\/pendentif-mikado-bouquet-tamara-comolli-3\\\/\",\"url\":\"https:\\\/\\\/maisonroca.ad\\\/fr\\\/boutique\\\/pendentif-mikado-bouquet-tamara-comolli-3\\\/\",\"name\":\"PENDENTIF MIKADO BOUQUET - TAMARA COMOLLI - Maison Roca\",\"isPartOf\":{\"@id\":\"https:\\\/\\\/maisonroca.ad\\\/fr\\\/#website\"},\"primaryImageOfPage\":{\"@id\":\"https:\\\/\\\/maisonroca.ad\\\/fr\\\/boutique\\\/pendentif-mikado-bouquet-tamara-comolli-3\\\/#primaryimage\"},\"image\":{\"@id\":\"https:\\\/\\\/maisonroca.ad\\\/fr\\\/boutique\\\/pendentif-mikado-bouquet-tamara-comolli-3\\\/#primaryimage\"},\"thumbnailUrl\":\"https:\\\/\\\/maisonroca.ad\\\/wp-content\\\/uploads\\\/2025\\\/08\\\/p-mb-tur-yg.jpg\",\"datePublished\":\"2025-08-13T14:58:34+00:00\",\"dateModified\":\"2026-01-27T16:32:00+00:00\",\"breadcrumb\":{\"@id\":\"https:\\\/\\\/maisonroca.ad\\\/fr\\\/boutique\\\/pendentif-mikado-bouquet-tamara-comolli-3\\\/#breadcrumb\"},\"inLanguage\":\"fr-FR\",\"potentialAction\":[{\"@type\":\"ReadAction\",\"target\":[\"https:\\\/\\\/maisonroca.ad\\\/fr\\\/boutique\\\/pendentif-mikado-bouquet-tamara-comolli-3\\\/\"]}]},{\"@type\":\"ImageObject\",\"inLanguage\":\"fr-FR\",\"@id\":\"https:\\\/\\\/maisonroca.ad\\\/fr\\\/boutique\\\/pendentif-mikado-bouquet-tamara-comolli-3\\\/#primaryimage\",\"url\":\"https:\\\/\\\/maisonroca.ad\\\/wp-content\\\/uploads\\\/2025\\\/08\\\/p-mb-tur-yg.jpg\",\"contentUrl\":\"https:\\\/\\\/maisonroca.ad\\\/wp-content\\\/uploads\\\/2025\\\/08\\\/p-mb-tur-yg.jpg\",\"width\":1080,\"height\":1080},{\"@type\":\"BreadcrumbList\",\"@id\":\"https:\\\/\\\/maisonroca.ad\\\/fr\\\/boutique\\\/pendentif-mikado-bouquet-tamara-comolli-3\\\/#breadcrumb\",\"itemListElement\":[{\"@type\":\"ListItem\",\"position\":1,\"name\":\"Portada\",\"item\":\"https:\\\/\\\/maisonroca.ad\\\/fr\\\/\"},{\"@type\":\"ListItem\",\"position\":2,\"name\":\"Botiga\",\"item\":\"https:\\\/\\\/maisonroca.ad\\\/botiga\\\/\"},{\"@type\":\"ListItem\",\"position\":3,\"name\":\"PENDENTIF MIKADO BOUQUET &#8211; TAMARA COMOLLI\"}]},{\"@type\":\"WebSite\",\"@id\":\"https:\\\/\\\/maisonroca.ad\\\/fr\\\/#website\",\"url\":\"https:\\\/\\\/maisonroca.ad\\\/fr\\\/\",\"name\":\"Maison Roca\",\"description\":\"Bold Luxury Life - joieria d&#039;autor - Andorra\",\"publisher\":{\"@id\":\"https:\\\/\\\/maisonroca.ad\\\/fr\\\/#organization\"},\"potentialAction\":[{\"@type\":\"SearchAction\",\"target\":{\"@type\":\"EntryPoint\",\"urlTemplate\":\"https:\\\/\\\/maisonroca.ad\\\/fr\\\/?s={search_term_string}\"},\"query-input\":{\"@type\":\"PropertyValueSpecification\",\"valueRequired\":true,\"valueName\":\"search_term_string\"}}],\"inLanguage\":\"fr-FR\"},{\"@type\":\"Organization\",\"@id\":\"https:\\\/\\\/maisonroca.ad\\\/fr\\\/#organization\",\"name\":\"Maison Roca\",\"url\":\"https:\\\/\\\/maisonroca.ad\\\/fr\\\/\",\"logo\":{\"@type\":\"ImageObject\",\"inLanguage\":\"fr-FR\",\"@id\":\"https:\\\/\\\/maisonroca.ad\\\/fr\\\/#\\\/schema\\\/logo\\\/image\\\/\",\"url\":\"https:\\\/\\\/maisonroca.ad\\\/wp-content\\\/uploads\\\/2023\\\/10\\\/icono.png\",\"contentUrl\":\"https:\\\/\\\/maisonroca.ad\\\/wp-content\\\/uploads\\\/2023\\\/10\\\/icono.png\",\"width\":512,\"height\":512,\"caption\":\"Maison Roca\"},\"image\":{\"@id\":\"https:\\\/\\\/maisonroca.ad\\\/fr\\\/#\\\/schema\\\/logo\\\/image\\\/\"},\"sameAs\":[\"https:\\\/\\\/www.facebook.com\\\/maisonroca\",\"https:\\\/\\\/www.instagram.com\\\/maisonroca\\\/\"]}]}<\/script>\n<meta property=\"product:price:amount\" content=\"3375.00\" \/>\n<meta property=\"product:price:currency\" content=\"EUR\" \/>\n<meta property=\"og:availability\" content=\"instock\" \/>\n<meta property=\"product:availability\" content=\"instock\" \/>\n<meta property=\"product:retailer_item_id\" content=\"P-MB-TUR-YG\" \/>\n<meta property=\"product:condition\" content=\"new\" \/>\n<!-- \/ Yoast SEO Premium plugin. -->","yoast_head_json":{"title":"PENDENTIF MIKADO BOUQUET - TAMARA COMOLLI - Maison Roca","robots":{"index":"index","follow":"follow","max-snippet":"max-snippet:-1","max-image-preview":"max-image-preview:large","max-video-preview":"max-video-preview:-1"},"canonical":"https:\/\/maisonroca.ad\/fr\/boutique\/pendentif-mikado-bouquet-tamara-comolli-3\/","og_locale":"fr_FR","og_type":"article","og_title":"PENDENTIF MIKADO BOUQUET - TAMARA COMOLLI","og_description":"Penjoll Tamara Comolli Bouton Bouquet d'or groc i turquesa.  El penjoll MIKADO BOUQUET, una de les peces m\u00e9s emblem\u00e0tiques de la col\u00b7lecci\u00f3, brilla amb una preciosa turquesa en la seva inconfusible forma c\u00f2nica. De mida mitjana i engastat en or de 18 quirats, est\u00e0 disponible en moltes altres combinacions de pedres que conviden a col\u00b7leccionar. Ideal per portar-lo amb una cadena refinada o un cord\u00f3 de cuir segons l\u2019ocasi\u00f3 i el teu estil personal.","og_url":"https:\/\/maisonroca.ad\/fr\/boutique\/pendentif-mikado-bouquet-tamara-comolli-3\/","og_site_name":"Maison Roca","article_publisher":"https:\/\/www.facebook.com\/maisonroca","article_modified_time":"2026-01-27T16:32:00+00:00","og_image":[{"width":1080,"height":1080,"url":"https:\/\/maisonroca.ad\/wp-content\/uploads\/2025\/08\/p-mb-tur-yg.jpg","type":"image\/jpeg"}],"twitter_card":"summary_large_image","twitter_misc":{"Prix":"3.375,00&nbsp;&euro;","Disponibilit\u00e9":"En stock"},"schema":{"@context":"https:\/\/schema.org","@graph":[{"@type":"WebPage","@id":"https:\/\/maisonroca.ad\/fr\/boutique\/pendentif-mikado-bouquet-tamara-comolli-3\/","url":"https:\/\/maisonroca.ad\/fr\/boutique\/pendentif-mikado-bouquet-tamara-comolli-3\/","name":"PENDENTIF MIKADO BOUQUET - TAMARA COMOLLI - Maison Roca","isPartOf":{"@id":"https:\/\/maisonroca.ad\/fr\/#website"},"primaryImageOfPage":{"@id":"https:\/\/maisonroca.ad\/fr\/boutique\/pendentif-mikado-bouquet-tamara-comolli-3\/#primaryimage"},"image":{"@id":"https:\/\/maisonroca.ad\/fr\/boutique\/pendentif-mikado-bouquet-tamara-comolli-3\/#primaryimage"},"thumbnailUrl":"https:\/\/maisonroca.ad\/wp-content\/uploads\/2025\/08\/p-mb-tur-yg.jpg","datePublished":"2025-08-13T14:58:34+00:00","dateModified":"2026-01-27T16:32:00+00:00","breadcrumb":{"@id":"https:\/\/maisonroca.ad\/fr\/boutique\/pendentif-mikado-bouquet-tamara-comolli-3\/#breadcrumb"},"inLanguage":"fr-FR","potentialAction":[{"@type":"ReadAction","target":["https:\/\/maisonroca.ad\/fr\/boutique\/pendentif-mikado-bouquet-tamara-comolli-3\/"]}]},{"@type":"ImageObject","inLanguage":"fr-FR","@id":"https:\/\/maisonroca.ad\/fr\/boutique\/pendentif-mikado-bouquet-tamara-comolli-3\/#primaryimage","url":"https:\/\/maisonroca.ad\/wp-content\/uploads\/2025\/08\/p-mb-tur-yg.jpg","contentUrl":"https:\/\/maisonroca.ad\/wp-content\/uploads\/2025\/08\/p-mb-tur-yg.jpg","width":1080,"height":1080},{"@type":"BreadcrumbList","@id":"https:\/\/maisonroca.ad\/fr\/boutique\/pendentif-mikado-bouquet-tamara-comolli-3\/#breadcrumb","itemListElement":[{"@type":"ListItem","position":1,"name":"Portada","item":"https:\/\/maisonroca.ad\/fr\/"},{"@type":"ListItem","position":2,"name":"Botiga","item":"https:\/\/maisonroca.ad\/botiga\/"},{"@type":"ListItem","position":3,"name":"PENDENTIF MIKADO BOUQUET &#8211; TAMARA COMOLLI"}]},{"@type":"WebSite","@id":"https:\/\/maisonroca.ad\/fr\/#website","url":"https:\/\/maisonroca.ad\/fr\/","name":"Maison Roca","description":"Bold Luxury Life - joieria d&#039;autor - Andorra","publisher":{"@id":"https:\/\/maisonroca.ad\/fr\/#organization"},"potentialAction":[{"@type":"SearchAction","target":{"@type":"EntryPoint","urlTemplate":"https:\/\/maisonroca.ad\/fr\/?s={search_term_string}"},"query-input":{"@type":"PropertyValueSpecification","valueRequired":true,"valueName":"search_term_string"}}],"inLanguage":"fr-FR"},{"@type":"Organization","@id":"https:\/\/maisonroca.ad\/fr\/#organization","name":"Maison Roca","url":"https:\/\/maisonroca.ad\/fr\/","logo":{"@type":"ImageObject","inLanguage":"fr-FR","@id":"https:\/\/maisonroca.ad\/fr\/#\/schema\/logo\/image\/","url":"https:\/\/maisonroca.ad\/wp-content\/uploads\/2023\/10\/icono.png","contentUrl":"https:\/\/maisonroca.ad\/wp-content\/uploads\/2023\/10\/icono.png","width":512,"height":512,"caption":"Maison Roca"},"image":{"@id":"https:\/\/maisonroca.ad\/fr\/#\/schema\/logo\/image\/"},"sameAs":["https:\/\/www.facebook.com\/maisonroca","https:\/\/www.instagram.com\/maisonroca\/"]}]},"product_price_amount":"3375.00","product_price_currency":"EUR","og_availability":"instock","product_availability":"instock","product_retailer_item_id":"P-MB-TUR-YG","product_condition":"new"},"_links":{"self":[{"href":"https:\/\/maisonroca.ad\/fr\/wp-json\/wp\/v2\/product\/75596","targetHints":{"allow":["GET"]}}],"collection":[{"href":"https:\/\/maisonroca.ad\/fr\/wp-json\/wp\/v2\/product"}],"about":[{"href":"https:\/\/maisonroca.ad\/fr\/wp-json\/wp\/v2\/types\/product"}],"replies":[{"embeddable":true,"href":"https:\/\/maisonroca.ad\/fr\/wp-json\/wp\/v2\/comments?post=75596"}],"version-history":[{"count":10,"href":"https:\/\/maisonroca.ad\/fr\/wp-json\/wp\/v2\/product\/75596\/revisions"}],"predecessor-version":[{"id":83348,"href":"https:\/\/maisonroca.ad\/fr\/wp-json\/wp\/v2\/product\/75596\/revisions\/83348"}],"wp:featuredmedia":[{"embeddable":true,"href":"https:\/\/maisonroca.ad\/fr\/wp-json\/wp\/v2\/media\/81761"}],"wp:attachment":[{"href":"https:\/\/maisonroca.ad\/fr\/wp-json\/wp\/v2\/media?parent=75596"}],"wp:term":[{"taxonomy":"product_brand","embeddable":true,"href":"https:\/\/maisonroca.ad\/fr\/wp-json\/wp\/v2\/product_brand?post=75596"},{"taxonomy":"product_cat","embeddable":true,"href":"https:\/\/maisonroca.ad\/fr\/wp-json\/wp\/v2\/product_cat?post=75596"},{"taxonomy":"product_tag","embeddable":true,"href":"https:\/\/maisonroca.ad\/fr\/wp-json\/wp\/v2\/product_tag?post=75596"}],"curies":[{"name":"wp","href":"https:\/\/api.w.org\/{rel}","templated":true}]}}