{"id":75622,"date":"2025-08-13T17:01:21","date_gmt":"2025-08-13T15:01:21","guid":{"rendered":"https:\/\/maisonroca.ad\/?post_type=product&#038;p=75622"},"modified":"2026-01-27T17:10:24","modified_gmt":"2026-01-27T16:10:24","slug":"pendentif-mikado-tamara-comolli","status":"publish","type":"product","link":"https:\/\/maisonroca.ad\/fr\/boutique\/pendentif-mikado-tamara-comolli\/","title":{"rendered":"PENDENTIF MIKADO &#8211; TAMARA COMOLLI"},"content":{"rendered":"<div class=\"flex flex-col text-sm pb-25\">\n<article class=\"text-token-text-primary w-full focus:outline-none [--shadow-height:45px] has-data-writing-block:pointer-events-none has-data-writing-block:-mt-(--shadow-height) has-data-writing-block:pt-(--shadow-height) [&amp;:has([data-writing-block])&gt;*]:pointer-events-auto scroll-mt-[calc(var(--header-height)+min(200px,max(70px,20svh)))]\" dir=\"auto\" tabindex=\"-1\" data-turn-id=\"request-WEB:406852e6-e7b2-4c8d-9ba3-0dad555728dd-16\" data-testid=\"conversation-turn-34\" data-scroll-anchor=\"true\" data-turn=\"assistant\">\n<div class=\"text-base my-auto mx-auto pb-10 [--thread-content-margin:--spacing(4)] @w-sm\/main:[--thread-content-margin:--spacing(6)] @w-lg\/main:[--thread-content-margin:--spacing(16)] px-(--thread-content-margin)\">\n<div class=\"[--thread-content-max-width:40rem] @w-lg\/main:[--thread-content-max-width:48rem] mx-auto max-w-(--thread-content-max-width) flex-1 group\/turn-messages focus-visible:outline-hidden relative flex w-full min-w-0 flex-col agent-turn\" tabindex=\"-1\">\n<div class=\"flex max-w-full flex-col grow\">\n<div class=\"min-h-8 text-message relative flex w-full flex-col items-end gap-2 text-start break-words whitespace-normal [.text-message+&amp;]:mt-1\" dir=\"auto\" data-message-author-role=\"assistant\" data-message-id=\"0438d79e-48da-44fe-918d-40a72f5fdfe4\" data-message-model-slug=\"gpt-5-mini\">\n<div class=\"flex w-full flex-col gap-1 empty:hidden first:pt-[1px]\">\n<div class=\"markdown prose dark:prose-invert w-full break-words light markdown-new-styling\">\n<p data-start=\"0\" data-end=\"405\" data-is-last-node=\"\" data-is-only-node=\"\">Pendentif Tamara Comolli Mikado en or rose et pierre de lune.<\/p>\n<p>Le pendentif MIKADO BOUQUET, classique de la collection, met en lumi\u00e8re une pierre de lune sertie en or rose et d\u00e9clinable en plusieurs gemmes. Elle se porte sur une de nos cha\u00eene raffin\u00e9e ou un cordon de cuir pour un style \u00e9l\u00e9gant et personnel.<\/p>\n<\/div>\n<\/div>\n<\/div>\n<\/div>\n<div class=\"z-0 flex min-h-[46px] justify-start\">\n<p>D\u00e9tails :<\/p>\n<p>\u2022 Or rose 18k<br \/>\n\u2022 Pierre de lune 7,80 ct<\/p>\n<\/div>\n<div class=\"mt-3 w-full empty:hidden\">\n<div class=\"text-center\"><\/div>\n<\/div>\n<\/div>\n<\/div>\n<\/article>\n<\/div>\n<div class=\"pointer-events-none h-px w-px absolute bottom-0\" aria-hidden=\"true\" data-edge=\"true\"><\/div>\n<p>&nbsp;<\/p>\n<p>&nbsp;<\/p>\n","protected":false},"excerpt":{"rendered":"<p>Penjoll Tamara Comolli Mikado d&rsquo;or rosa i pedra lluna.<\/p>\n<p>El penjoll MIKADO BOUQUET, tot un cl\u00e0ssic de la col\u00b7lecci\u00f3, mostra un elegant pedra de lluna amb la caracter\u00edstica forma c\u00f2nica que tant el defineix. De mida mitjana i engastat en or de 18 quirats, est\u00e0 disponible en moltes altres combinacions de gemmes que el converteixen en una pe\u00e7a irresistible per col\u00b7leccionar. Perfecte per portar-lo amb una cadena refinada o un cord\u00f3 de cuir amb estil.<\/p>\n","protected":false},"featured_media":81573,"comment_status":"closed","ping_status":"closed","template":"","meta":{"_acf_changed":false,"_monsterinsights_skip_tracking":false,"_monsterinsights_sitenote_active":false,"_monsterinsights_sitenote_note":"","_monsterinsights_sitenote_category":0},"product_brand":[],"product_cat":[1244,3446],"product_tag":[3391,2818,2799,2787],"class_list":{"0":"post-75622","1":"product","2":"type-product","3":"status-publish","4":"has-post-thumbnail","6":"product_cat-bijou","7":"product_cat-tamara-comolli-fr","8":"product_tag-or-rosa-fr","9":"product_tag-pedra-lluna-fr","10":"product_tag-penjolls-fr","11":"product_tag-tamara-comolli-fr","13":"first","14":"instock","15":"shipping-taxable","16":"purchasable","17":"product-type-simple"},"acf":[],"yoast_head":"<!-- This site is optimized with the Yoast SEO Premium plugin v26.8 (Yoast SEO v27.4) - https:\/\/yoast.com\/product\/yoast-seo-premium-wordpress\/ -->\n<title>PENDENTIF MIKADO - TAMARA COMOLLI - Maison Roca<\/title>\n<meta name=\"robots\" content=\"index, follow, max-snippet:-1, max-image-preview:large, max-video-preview:-1\" \/>\n<link rel=\"canonical\" href=\"https:\/\/maisonroca.ad\/fr\/boutique\/pendentif-mikado-tamara-comolli\/\" \/>\n<meta property=\"og:locale\" content=\"fr_FR\" \/>\n<meta property=\"og:type\" content=\"article\" \/>\n<meta property=\"og:title\" content=\"PENDENTIF MIKADO - TAMARA COMOLLI\" \/>\n<meta property=\"og:description\" content=\"Penjoll Tamara Comolli Mikado d&#039;or rosa i pedra lluna.  El penjoll MIKADO BOUQUET, tot un cl\u00e0ssic de la col\u00b7lecci\u00f3, mostra un elegant pedra de lluna amb la caracter\u00edstica forma c\u00f2nica que tant el defineix. De mida mitjana i engastat en or de 18 quirats, est\u00e0 disponible en moltes altres combinacions de gemmes que el converteixen en una pe\u00e7a irresistible per col\u00b7leccionar. Perfecte per portar-lo amb una cadena refinada o un cord\u00f3 de cuir amb estil.\" \/>\n<meta property=\"og:url\" content=\"https:\/\/maisonroca.ad\/fr\/boutique\/pendentif-mikado-tamara-comolli\/\" \/>\n<meta property=\"og:site_name\" content=\"Maison Roca\" \/>\n<meta property=\"article:publisher\" content=\"https:\/\/www.facebook.com\/maisonroca\" \/>\n<meta property=\"article:modified_time\" content=\"2026-01-27T16:10:24+00:00\" \/>\n<meta property=\"og:image\" content=\"https:\/\/maisonroca.ad\/wp-content\/uploads\/2025\/08\/p-mb-mosa-rg.jpg\" \/>\n\t<meta property=\"og:image:width\" content=\"1080\" \/>\n\t<meta property=\"og:image:height\" content=\"1080\" \/>\n\t<meta property=\"og:image:type\" content=\"image\/jpeg\" \/>\n<meta name=\"twitter:card\" content=\"summary_large_image\" \/>\n<meta name=\"twitter:label1\" content=\"Prix\" \/>\n\t<meta name=\"twitter:data1\" content=\"1.890,00&nbsp;&euro;\" \/>\n\t<meta name=\"twitter:label2\" content=\"Disponibilit\u00e9\" \/>\n\t<meta name=\"twitter:data2\" content=\"En stock\" \/>\n<script type=\"application\/ld+json\" class=\"yoast-schema-graph\">{\"@context\":\"https:\\\/\\\/schema.org\",\"@graph\":[{\"@type\":\"WebPage\",\"@id\":\"https:\\\/\\\/maisonroca.ad\\\/fr\\\/boutique\\\/pendentif-mikado-tamara-comolli\\\/\",\"url\":\"https:\\\/\\\/maisonroca.ad\\\/fr\\\/boutique\\\/pendentif-mikado-tamara-comolli\\\/\",\"name\":\"PENDENTIF MIKADO - TAMARA COMOLLI - Maison Roca\",\"isPartOf\":{\"@id\":\"https:\\\/\\\/maisonroca.ad\\\/fr\\\/#website\"},\"primaryImageOfPage\":{\"@id\":\"https:\\\/\\\/maisonroca.ad\\\/fr\\\/boutique\\\/pendentif-mikado-tamara-comolli\\\/#primaryimage\"},\"image\":{\"@id\":\"https:\\\/\\\/maisonroca.ad\\\/fr\\\/boutique\\\/pendentif-mikado-tamara-comolli\\\/#primaryimage\"},\"thumbnailUrl\":\"https:\\\/\\\/maisonroca.ad\\\/wp-content\\\/uploads\\\/2025\\\/08\\\/p-mb-mosa-rg.jpg\",\"datePublished\":\"2025-08-13T15:01:21+00:00\",\"dateModified\":\"2026-01-27T16:10:24+00:00\",\"breadcrumb\":{\"@id\":\"https:\\\/\\\/maisonroca.ad\\\/fr\\\/boutique\\\/pendentif-mikado-tamara-comolli\\\/#breadcrumb\"},\"inLanguage\":\"fr-FR\",\"potentialAction\":[{\"@type\":\"ReadAction\",\"target\":[\"https:\\\/\\\/maisonroca.ad\\\/fr\\\/boutique\\\/pendentif-mikado-tamara-comolli\\\/\"]}]},{\"@type\":\"ImageObject\",\"inLanguage\":\"fr-FR\",\"@id\":\"https:\\\/\\\/maisonroca.ad\\\/fr\\\/boutique\\\/pendentif-mikado-tamara-comolli\\\/#primaryimage\",\"url\":\"https:\\\/\\\/maisonroca.ad\\\/wp-content\\\/uploads\\\/2025\\\/08\\\/p-mb-mosa-rg.jpg\",\"contentUrl\":\"https:\\\/\\\/maisonroca.ad\\\/wp-content\\\/uploads\\\/2025\\\/08\\\/p-mb-mosa-rg.jpg\",\"width\":1080,\"height\":1080},{\"@type\":\"BreadcrumbList\",\"@id\":\"https:\\\/\\\/maisonroca.ad\\\/fr\\\/boutique\\\/pendentif-mikado-tamara-comolli\\\/#breadcrumb\",\"itemListElement\":[{\"@type\":\"ListItem\",\"position\":1,\"name\":\"Portada\",\"item\":\"https:\\\/\\\/maisonroca.ad\\\/fr\\\/\"},{\"@type\":\"ListItem\",\"position\":2,\"name\":\"Botiga\",\"item\":\"https:\\\/\\\/maisonroca.ad\\\/botiga\\\/\"},{\"@type\":\"ListItem\",\"position\":3,\"name\":\"PENDENTIF MIKADO &#8211; TAMARA COMOLLI\"}]},{\"@type\":\"WebSite\",\"@id\":\"https:\\\/\\\/maisonroca.ad\\\/fr\\\/#website\",\"url\":\"https:\\\/\\\/maisonroca.ad\\\/fr\\\/\",\"name\":\"Maison Roca\",\"description\":\"Bold Luxury Life - joieria d&#039;autor - Andorra\",\"publisher\":{\"@id\":\"https:\\\/\\\/maisonroca.ad\\\/fr\\\/#organization\"},\"potentialAction\":[{\"@type\":\"SearchAction\",\"target\":{\"@type\":\"EntryPoint\",\"urlTemplate\":\"https:\\\/\\\/maisonroca.ad\\\/fr\\\/?s={search_term_string}\"},\"query-input\":{\"@type\":\"PropertyValueSpecification\",\"valueRequired\":true,\"valueName\":\"search_term_string\"}}],\"inLanguage\":\"fr-FR\"},{\"@type\":\"Organization\",\"@id\":\"https:\\\/\\\/maisonroca.ad\\\/fr\\\/#organization\",\"name\":\"Maison Roca\",\"url\":\"https:\\\/\\\/maisonroca.ad\\\/fr\\\/\",\"logo\":{\"@type\":\"ImageObject\",\"inLanguage\":\"fr-FR\",\"@id\":\"https:\\\/\\\/maisonroca.ad\\\/fr\\\/#\\\/schema\\\/logo\\\/image\\\/\",\"url\":\"https:\\\/\\\/maisonroca.ad\\\/wp-content\\\/uploads\\\/2023\\\/10\\\/icono.png\",\"contentUrl\":\"https:\\\/\\\/maisonroca.ad\\\/wp-content\\\/uploads\\\/2023\\\/10\\\/icono.png\",\"width\":512,\"height\":512,\"caption\":\"Maison Roca\"},\"image\":{\"@id\":\"https:\\\/\\\/maisonroca.ad\\\/fr\\\/#\\\/schema\\\/logo\\\/image\\\/\"},\"sameAs\":[\"https:\\\/\\\/www.facebook.com\\\/maisonroca\",\"https:\\\/\\\/www.instagram.com\\\/maisonroca\\\/\"]}]}<\/script>\n<meta property=\"product:price:amount\" content=\"1890.00\" \/>\n<meta property=\"product:price:currency\" content=\"EUR\" \/>\n<meta property=\"og:availability\" content=\"instock\" \/>\n<meta property=\"product:availability\" content=\"instock\" \/>\n<meta property=\"product:retailer_item_id\" content=\"P-MB-MOSA-RG\" \/>\n<meta property=\"product:condition\" content=\"new\" \/>\n<!-- \/ Yoast SEO Premium plugin. -->","yoast_head_json":{"title":"PENDENTIF MIKADO - TAMARA COMOLLI - Maison Roca","robots":{"index":"index","follow":"follow","max-snippet":"max-snippet:-1","max-image-preview":"max-image-preview:large","max-video-preview":"max-video-preview:-1"},"canonical":"https:\/\/maisonroca.ad\/fr\/boutique\/pendentif-mikado-tamara-comolli\/","og_locale":"fr_FR","og_type":"article","og_title":"PENDENTIF MIKADO - TAMARA COMOLLI","og_description":"Penjoll Tamara Comolli Mikado d'or rosa i pedra lluna.  El penjoll MIKADO BOUQUET, tot un cl\u00e0ssic de la col\u00b7lecci\u00f3, mostra un elegant pedra de lluna amb la caracter\u00edstica forma c\u00f2nica que tant el defineix. De mida mitjana i engastat en or de 18 quirats, est\u00e0 disponible en moltes altres combinacions de gemmes que el converteixen en una pe\u00e7a irresistible per col\u00b7leccionar. Perfecte per portar-lo amb una cadena refinada o un cord\u00f3 de cuir amb estil.","og_url":"https:\/\/maisonroca.ad\/fr\/boutique\/pendentif-mikado-tamara-comolli\/","og_site_name":"Maison Roca","article_publisher":"https:\/\/www.facebook.com\/maisonroca","article_modified_time":"2026-01-27T16:10:24+00:00","og_image":[{"width":1080,"height":1080,"url":"https:\/\/maisonroca.ad\/wp-content\/uploads\/2025\/08\/p-mb-mosa-rg.jpg","type":"image\/jpeg"}],"twitter_card":"summary_large_image","twitter_misc":{"Prix":"1.890,00&nbsp;&euro;","Disponibilit\u00e9":"En stock"},"schema":{"@context":"https:\/\/schema.org","@graph":[{"@type":"WebPage","@id":"https:\/\/maisonroca.ad\/fr\/boutique\/pendentif-mikado-tamara-comolli\/","url":"https:\/\/maisonroca.ad\/fr\/boutique\/pendentif-mikado-tamara-comolli\/","name":"PENDENTIF MIKADO - TAMARA COMOLLI - Maison Roca","isPartOf":{"@id":"https:\/\/maisonroca.ad\/fr\/#website"},"primaryImageOfPage":{"@id":"https:\/\/maisonroca.ad\/fr\/boutique\/pendentif-mikado-tamara-comolli\/#primaryimage"},"image":{"@id":"https:\/\/maisonroca.ad\/fr\/boutique\/pendentif-mikado-tamara-comolli\/#primaryimage"},"thumbnailUrl":"https:\/\/maisonroca.ad\/wp-content\/uploads\/2025\/08\/p-mb-mosa-rg.jpg","datePublished":"2025-08-13T15:01:21+00:00","dateModified":"2026-01-27T16:10:24+00:00","breadcrumb":{"@id":"https:\/\/maisonroca.ad\/fr\/boutique\/pendentif-mikado-tamara-comolli\/#breadcrumb"},"inLanguage":"fr-FR","potentialAction":[{"@type":"ReadAction","target":["https:\/\/maisonroca.ad\/fr\/boutique\/pendentif-mikado-tamara-comolli\/"]}]},{"@type":"ImageObject","inLanguage":"fr-FR","@id":"https:\/\/maisonroca.ad\/fr\/boutique\/pendentif-mikado-tamara-comolli\/#primaryimage","url":"https:\/\/maisonroca.ad\/wp-content\/uploads\/2025\/08\/p-mb-mosa-rg.jpg","contentUrl":"https:\/\/maisonroca.ad\/wp-content\/uploads\/2025\/08\/p-mb-mosa-rg.jpg","width":1080,"height":1080},{"@type":"BreadcrumbList","@id":"https:\/\/maisonroca.ad\/fr\/boutique\/pendentif-mikado-tamara-comolli\/#breadcrumb","itemListElement":[{"@type":"ListItem","position":1,"name":"Portada","item":"https:\/\/maisonroca.ad\/fr\/"},{"@type":"ListItem","position":2,"name":"Botiga","item":"https:\/\/maisonroca.ad\/botiga\/"},{"@type":"ListItem","position":3,"name":"PENDENTIF MIKADO &#8211; TAMARA COMOLLI"}]},{"@type":"WebSite","@id":"https:\/\/maisonroca.ad\/fr\/#website","url":"https:\/\/maisonroca.ad\/fr\/","name":"Maison Roca","description":"Bold Luxury Life - joieria d&#039;autor - Andorra","publisher":{"@id":"https:\/\/maisonroca.ad\/fr\/#organization"},"potentialAction":[{"@type":"SearchAction","target":{"@type":"EntryPoint","urlTemplate":"https:\/\/maisonroca.ad\/fr\/?s={search_term_string}"},"query-input":{"@type":"PropertyValueSpecification","valueRequired":true,"valueName":"search_term_string"}}],"inLanguage":"fr-FR"},{"@type":"Organization","@id":"https:\/\/maisonroca.ad\/fr\/#organization","name":"Maison Roca","url":"https:\/\/maisonroca.ad\/fr\/","logo":{"@type":"ImageObject","inLanguage":"fr-FR","@id":"https:\/\/maisonroca.ad\/fr\/#\/schema\/logo\/image\/","url":"https:\/\/maisonroca.ad\/wp-content\/uploads\/2023\/10\/icono.png","contentUrl":"https:\/\/maisonroca.ad\/wp-content\/uploads\/2023\/10\/icono.png","width":512,"height":512,"caption":"Maison Roca"},"image":{"@id":"https:\/\/maisonroca.ad\/fr\/#\/schema\/logo\/image\/"},"sameAs":["https:\/\/www.facebook.com\/maisonroca","https:\/\/www.instagram.com\/maisonroca\/"]}]},"product_price_amount":"1890.00","product_price_currency":"EUR","og_availability":"instock","product_availability":"instock","product_retailer_item_id":"P-MB-MOSA-RG","product_condition":"new"},"_links":{"self":[{"href":"https:\/\/maisonroca.ad\/fr\/wp-json\/wp\/v2\/product\/75622","targetHints":{"allow":["GET"]}}],"collection":[{"href":"https:\/\/maisonroca.ad\/fr\/wp-json\/wp\/v2\/product"}],"about":[{"href":"https:\/\/maisonroca.ad\/fr\/wp-json\/wp\/v2\/types\/product"}],"replies":[{"embeddable":true,"href":"https:\/\/maisonroca.ad\/fr\/wp-json\/wp\/v2\/comments?post=75622"}],"version-history":[{"count":12,"href":"https:\/\/maisonroca.ad\/fr\/wp-json\/wp\/v2\/product\/75622\/revisions"}],"predecessor-version":[{"id":83314,"href":"https:\/\/maisonroca.ad\/fr\/wp-json\/wp\/v2\/product\/75622\/revisions\/83314"}],"wp:featuredmedia":[{"embeddable":true,"href":"https:\/\/maisonroca.ad\/fr\/wp-json\/wp\/v2\/media\/81573"}],"wp:attachment":[{"href":"https:\/\/maisonroca.ad\/fr\/wp-json\/wp\/v2\/media?parent=75622"}],"wp:term":[{"taxonomy":"product_brand","embeddable":true,"href":"https:\/\/maisonroca.ad\/fr\/wp-json\/wp\/v2\/product_brand?post=75622"},{"taxonomy":"product_cat","embeddable":true,"href":"https:\/\/maisonroca.ad\/fr\/wp-json\/wp\/v2\/product_cat?post=75622"},{"taxonomy":"product_tag","embeddable":true,"href":"https:\/\/maisonroca.ad\/fr\/wp-json\/wp\/v2\/product_tag?post=75622"}],"curies":[{"name":"wp","href":"https:\/\/api.w.org\/{rel}","templated":true}]}}