{"id":75636,"date":"2025-08-13T17:01:24","date_gmt":"2025-08-13T15:01:24","guid":{"rendered":"https:\/\/maisonroca.ad\/?post_type=product&#038;p=75636"},"modified":"2026-01-27T17:07:02","modified_gmt":"2026-01-27T16:07:02","slug":"pendentif-mikado-flamenco-tamara-comolli","status":"publish","type":"product","link":"https:\/\/maisonroca.ad\/fr\/boutique\/pendentif-mikado-flamenco-tamara-comolli\/","title":{"rendered":"PENDENTIF MIKADO FLAMENCO &#8211; TAMARA COMOLLI"},"content":{"rendered":"<p>Pendentif Tamara Comolli Mikado Flamenco en or rose et turquoise.<\/p>\n<p>Le pendentif MIKADO Bouquet de Tamara Comolli r\u00e9v\u00e8le une turquoise d\u00e9licatement sertie en or rose. Une pi\u00e8ce signature au raffinement lumineux, \u00e0 porter sur l\u2019une de nos cha\u00eene haut de gamme ou un cordon en cuir pour un style personnalis\u00e9.<\/p>\n<p>D\u00e9tails:<\/p>\n<p>\u2022 Or rose 18k<br \/>\n\u2022 Turquoise 3,00 CT<\/p>\n","protected":false},"excerpt":{"rendered":"<p>Penjoll Tamara Comolli Mikado Flamenco d&rsquo;or rosa i turquesa.<\/p>\n<p>El distintiu penjoll MIKADO Flamenco destaca per una preciosa turquesa en la seva ic\u00f2nica forma c\u00f2nica. Engastat en or de 18 quirats, aquest petit tresor est\u00e0 disponible en m\u00faltiples combinacions de pedres que conviden a col\u00b7leccionar. Perfecte per lluir amb una de les nostres cadenes d\u2019alta qualitat o cordons de cuir.<\/p>\n","protected":false},"featured_media":81566,"comment_status":"closed","ping_status":"closed","template":"","meta":{"_acf_changed":false,"_monsterinsights_skip_tracking":false,"_monsterinsights_sitenote_active":false,"_monsterinsights_sitenote_note":"","_monsterinsights_sitenote_category":0},"product_brand":[],"product_cat":[1244,3446],"product_tag":[3391,2799,2787,2812],"class_list":{"0":"post-75636","1":"product","2":"type-product","3":"status-publish","4":"has-post-thumbnail","6":"product_cat-bijou","7":"product_cat-tamara-comolli-fr","8":"product_tag-or-rosa-fr","9":"product_tag-penjolls-fr","10":"product_tag-tamara-comolli-fr","11":"product_tag-turquesa-fr","13":"first","14":"instock","15":"shipping-taxable","16":"purchasable","17":"product-type-simple"},"acf":[],"yoast_head":"<!-- This site is optimized with the Yoast SEO Premium plugin v26.8 (Yoast SEO v27.4) - https:\/\/yoast.com\/product\/yoast-seo-premium-wordpress\/ -->\n<title>PENDENTIF MIKADO FLAMENCO - TAMARA COMOLLI - Maison Roca<\/title>\n<meta name=\"robots\" content=\"index, follow, max-snippet:-1, max-image-preview:large, max-video-preview:-1\" \/>\n<link rel=\"canonical\" href=\"https:\/\/maisonroca.ad\/fr\/boutique\/pendentif-mikado-flamenco-tamara-comolli\/\" \/>\n<meta property=\"og:locale\" content=\"fr_FR\" \/>\n<meta property=\"og:type\" content=\"article\" \/>\n<meta property=\"og:title\" content=\"PENDENTIF MIKADO FLAMENCO - TAMARA COMOLLI\" \/>\n<meta property=\"og:description\" content=\"Penjoll Tamara Comolli Mikado Flamenco d&#039;or rosa i turquesa.  El distintiu penjoll MIKADO Flamenco destaca per una preciosa turquesa en la seva ic\u00f2nica forma c\u00f2nica. Engastat en or de 18 quirats, aquest petit tresor est\u00e0 disponible en m\u00faltiples combinacions de pedres que conviden a col\u00b7leccionar. Perfecte per lluir amb una de les nostres cadenes d\u2019alta qualitat o cordons de cuir.\" \/>\n<meta property=\"og:url\" content=\"https:\/\/maisonroca.ad\/fr\/boutique\/pendentif-mikado-flamenco-tamara-comolli\/\" \/>\n<meta property=\"og:site_name\" content=\"Maison Roca\" \/>\n<meta property=\"article:publisher\" content=\"https:\/\/www.facebook.com\/maisonroca\" \/>\n<meta property=\"article:modified_time\" content=\"2026-01-27T16:07:02+00:00\" \/>\n<meta property=\"og:image\" content=\"https:\/\/maisonroca.ad\/wp-content\/uploads\/2025\/08\/p-mfl-tur-rg.jpg\" \/>\n\t<meta property=\"og:image:width\" content=\"1080\" \/>\n\t<meta property=\"og:image:height\" content=\"1080\" \/>\n\t<meta property=\"og:image:type\" content=\"image\/jpeg\" \/>\n<meta name=\"twitter:card\" content=\"summary_large_image\" \/>\n<meta name=\"twitter:label1\" content=\"Prix\" \/>\n\t<meta name=\"twitter:data1\" content=\"1.620,00&nbsp;&euro;\" \/>\n\t<meta name=\"twitter:label2\" content=\"Disponibilit\u00e9\" \/>\n\t<meta name=\"twitter:data2\" content=\"En stock\" \/>\n<script type=\"application\/ld+json\" class=\"yoast-schema-graph\">{\"@context\":\"https:\\\/\\\/schema.org\",\"@graph\":[{\"@type\":\"WebPage\",\"@id\":\"https:\\\/\\\/maisonroca.ad\\\/fr\\\/boutique\\\/pendentif-mikado-flamenco-tamara-comolli\\\/\",\"url\":\"https:\\\/\\\/maisonroca.ad\\\/fr\\\/boutique\\\/pendentif-mikado-flamenco-tamara-comolli\\\/\",\"name\":\"PENDENTIF MIKADO FLAMENCO - TAMARA COMOLLI - Maison Roca\",\"isPartOf\":{\"@id\":\"https:\\\/\\\/maisonroca.ad\\\/fr\\\/#website\"},\"primaryImageOfPage\":{\"@id\":\"https:\\\/\\\/maisonroca.ad\\\/fr\\\/boutique\\\/pendentif-mikado-flamenco-tamara-comolli\\\/#primaryimage\"},\"image\":{\"@id\":\"https:\\\/\\\/maisonroca.ad\\\/fr\\\/boutique\\\/pendentif-mikado-flamenco-tamara-comolli\\\/#primaryimage\"},\"thumbnailUrl\":\"https:\\\/\\\/maisonroca.ad\\\/wp-content\\\/uploads\\\/2025\\\/08\\\/p-mfl-tur-rg.jpg\",\"datePublished\":\"2025-08-13T15:01:24+00:00\",\"dateModified\":\"2026-01-27T16:07:02+00:00\",\"breadcrumb\":{\"@id\":\"https:\\\/\\\/maisonroca.ad\\\/fr\\\/boutique\\\/pendentif-mikado-flamenco-tamara-comolli\\\/#breadcrumb\"},\"inLanguage\":\"fr-FR\",\"potentialAction\":[{\"@type\":\"ReadAction\",\"target\":[\"https:\\\/\\\/maisonroca.ad\\\/fr\\\/boutique\\\/pendentif-mikado-flamenco-tamara-comolli\\\/\"]}]},{\"@type\":\"ImageObject\",\"inLanguage\":\"fr-FR\",\"@id\":\"https:\\\/\\\/maisonroca.ad\\\/fr\\\/boutique\\\/pendentif-mikado-flamenco-tamara-comolli\\\/#primaryimage\",\"url\":\"https:\\\/\\\/maisonroca.ad\\\/wp-content\\\/uploads\\\/2025\\\/08\\\/p-mfl-tur-rg.jpg\",\"contentUrl\":\"https:\\\/\\\/maisonroca.ad\\\/wp-content\\\/uploads\\\/2025\\\/08\\\/p-mfl-tur-rg.jpg\",\"width\":1080,\"height\":1080},{\"@type\":\"BreadcrumbList\",\"@id\":\"https:\\\/\\\/maisonroca.ad\\\/fr\\\/boutique\\\/pendentif-mikado-flamenco-tamara-comolli\\\/#breadcrumb\",\"itemListElement\":[{\"@type\":\"ListItem\",\"position\":1,\"name\":\"Portada\",\"item\":\"https:\\\/\\\/maisonroca.ad\\\/fr\\\/\"},{\"@type\":\"ListItem\",\"position\":2,\"name\":\"Botiga\",\"item\":\"https:\\\/\\\/maisonroca.ad\\\/botiga\\\/\"},{\"@type\":\"ListItem\",\"position\":3,\"name\":\"PENDENTIF MIKADO FLAMENCO &#8211; TAMARA COMOLLI\"}]},{\"@type\":\"WebSite\",\"@id\":\"https:\\\/\\\/maisonroca.ad\\\/fr\\\/#website\",\"url\":\"https:\\\/\\\/maisonroca.ad\\\/fr\\\/\",\"name\":\"Maison Roca\",\"description\":\"Bold Luxury Life - joieria d&#039;autor - Andorra\",\"publisher\":{\"@id\":\"https:\\\/\\\/maisonroca.ad\\\/fr\\\/#organization\"},\"potentialAction\":[{\"@type\":\"SearchAction\",\"target\":{\"@type\":\"EntryPoint\",\"urlTemplate\":\"https:\\\/\\\/maisonroca.ad\\\/fr\\\/?s={search_term_string}\"},\"query-input\":{\"@type\":\"PropertyValueSpecification\",\"valueRequired\":true,\"valueName\":\"search_term_string\"}}],\"inLanguage\":\"fr-FR\"},{\"@type\":\"Organization\",\"@id\":\"https:\\\/\\\/maisonroca.ad\\\/fr\\\/#organization\",\"name\":\"Maison Roca\",\"url\":\"https:\\\/\\\/maisonroca.ad\\\/fr\\\/\",\"logo\":{\"@type\":\"ImageObject\",\"inLanguage\":\"fr-FR\",\"@id\":\"https:\\\/\\\/maisonroca.ad\\\/fr\\\/#\\\/schema\\\/logo\\\/image\\\/\",\"url\":\"https:\\\/\\\/maisonroca.ad\\\/wp-content\\\/uploads\\\/2023\\\/10\\\/icono.png\",\"contentUrl\":\"https:\\\/\\\/maisonroca.ad\\\/wp-content\\\/uploads\\\/2023\\\/10\\\/icono.png\",\"width\":512,\"height\":512,\"caption\":\"Maison Roca\"},\"image\":{\"@id\":\"https:\\\/\\\/maisonroca.ad\\\/fr\\\/#\\\/schema\\\/logo\\\/image\\\/\"},\"sameAs\":[\"https:\\\/\\\/www.facebook.com\\\/maisonroca\",\"https:\\\/\\\/www.instagram.com\\\/maisonroca\\\/\"]}]}<\/script>\n<meta property=\"product:price:amount\" content=\"1620.00\" \/>\n<meta property=\"product:price:currency\" content=\"EUR\" \/>\n<meta property=\"og:availability\" content=\"instock\" \/>\n<meta property=\"product:availability\" content=\"instock\" \/>\n<meta property=\"product:retailer_item_id\" content=\"P-MFL-TUR-RG\" \/>\n<meta property=\"product:condition\" content=\"new\" \/>\n<!-- \/ Yoast SEO Premium plugin. -->","yoast_head_json":{"title":"PENDENTIF MIKADO FLAMENCO - TAMARA COMOLLI - Maison Roca","robots":{"index":"index","follow":"follow","max-snippet":"max-snippet:-1","max-image-preview":"max-image-preview:large","max-video-preview":"max-video-preview:-1"},"canonical":"https:\/\/maisonroca.ad\/fr\/boutique\/pendentif-mikado-flamenco-tamara-comolli\/","og_locale":"fr_FR","og_type":"article","og_title":"PENDENTIF MIKADO FLAMENCO - TAMARA COMOLLI","og_description":"Penjoll Tamara Comolli Mikado Flamenco d'or rosa i turquesa.  El distintiu penjoll MIKADO Flamenco destaca per una preciosa turquesa en la seva ic\u00f2nica forma c\u00f2nica. Engastat en or de 18 quirats, aquest petit tresor est\u00e0 disponible en m\u00faltiples combinacions de pedres que conviden a col\u00b7leccionar. Perfecte per lluir amb una de les nostres cadenes d\u2019alta qualitat o cordons de cuir.","og_url":"https:\/\/maisonroca.ad\/fr\/boutique\/pendentif-mikado-flamenco-tamara-comolli\/","og_site_name":"Maison Roca","article_publisher":"https:\/\/www.facebook.com\/maisonroca","article_modified_time":"2026-01-27T16:07:02+00:00","og_image":[{"width":1080,"height":1080,"url":"https:\/\/maisonroca.ad\/wp-content\/uploads\/2025\/08\/p-mfl-tur-rg.jpg","type":"image\/jpeg"}],"twitter_card":"summary_large_image","twitter_misc":{"Prix":"1.620,00&nbsp;&euro;","Disponibilit\u00e9":"En stock"},"schema":{"@context":"https:\/\/schema.org","@graph":[{"@type":"WebPage","@id":"https:\/\/maisonroca.ad\/fr\/boutique\/pendentif-mikado-flamenco-tamara-comolli\/","url":"https:\/\/maisonroca.ad\/fr\/boutique\/pendentif-mikado-flamenco-tamara-comolli\/","name":"PENDENTIF MIKADO FLAMENCO - TAMARA COMOLLI - Maison Roca","isPartOf":{"@id":"https:\/\/maisonroca.ad\/fr\/#website"},"primaryImageOfPage":{"@id":"https:\/\/maisonroca.ad\/fr\/boutique\/pendentif-mikado-flamenco-tamara-comolli\/#primaryimage"},"image":{"@id":"https:\/\/maisonroca.ad\/fr\/boutique\/pendentif-mikado-flamenco-tamara-comolli\/#primaryimage"},"thumbnailUrl":"https:\/\/maisonroca.ad\/wp-content\/uploads\/2025\/08\/p-mfl-tur-rg.jpg","datePublished":"2025-08-13T15:01:24+00:00","dateModified":"2026-01-27T16:07:02+00:00","breadcrumb":{"@id":"https:\/\/maisonroca.ad\/fr\/boutique\/pendentif-mikado-flamenco-tamara-comolli\/#breadcrumb"},"inLanguage":"fr-FR","potentialAction":[{"@type":"ReadAction","target":["https:\/\/maisonroca.ad\/fr\/boutique\/pendentif-mikado-flamenco-tamara-comolli\/"]}]},{"@type":"ImageObject","inLanguage":"fr-FR","@id":"https:\/\/maisonroca.ad\/fr\/boutique\/pendentif-mikado-flamenco-tamara-comolli\/#primaryimage","url":"https:\/\/maisonroca.ad\/wp-content\/uploads\/2025\/08\/p-mfl-tur-rg.jpg","contentUrl":"https:\/\/maisonroca.ad\/wp-content\/uploads\/2025\/08\/p-mfl-tur-rg.jpg","width":1080,"height":1080},{"@type":"BreadcrumbList","@id":"https:\/\/maisonroca.ad\/fr\/boutique\/pendentif-mikado-flamenco-tamara-comolli\/#breadcrumb","itemListElement":[{"@type":"ListItem","position":1,"name":"Portada","item":"https:\/\/maisonroca.ad\/fr\/"},{"@type":"ListItem","position":2,"name":"Botiga","item":"https:\/\/maisonroca.ad\/botiga\/"},{"@type":"ListItem","position":3,"name":"PENDENTIF MIKADO FLAMENCO &#8211; TAMARA COMOLLI"}]},{"@type":"WebSite","@id":"https:\/\/maisonroca.ad\/fr\/#website","url":"https:\/\/maisonroca.ad\/fr\/","name":"Maison Roca","description":"Bold Luxury Life - joieria d&#039;autor - Andorra","publisher":{"@id":"https:\/\/maisonroca.ad\/fr\/#organization"},"potentialAction":[{"@type":"SearchAction","target":{"@type":"EntryPoint","urlTemplate":"https:\/\/maisonroca.ad\/fr\/?s={search_term_string}"},"query-input":{"@type":"PropertyValueSpecification","valueRequired":true,"valueName":"search_term_string"}}],"inLanguage":"fr-FR"},{"@type":"Organization","@id":"https:\/\/maisonroca.ad\/fr\/#organization","name":"Maison Roca","url":"https:\/\/maisonroca.ad\/fr\/","logo":{"@type":"ImageObject","inLanguage":"fr-FR","@id":"https:\/\/maisonroca.ad\/fr\/#\/schema\/logo\/image\/","url":"https:\/\/maisonroca.ad\/wp-content\/uploads\/2023\/10\/icono.png","contentUrl":"https:\/\/maisonroca.ad\/wp-content\/uploads\/2023\/10\/icono.png","width":512,"height":512,"caption":"Maison Roca"},"image":{"@id":"https:\/\/maisonroca.ad\/fr\/#\/schema\/logo\/image\/"},"sameAs":["https:\/\/www.facebook.com\/maisonroca","https:\/\/www.instagram.com\/maisonroca\/"]}]},"product_price_amount":"1620.00","product_price_currency":"EUR","og_availability":"instock","product_availability":"instock","product_retailer_item_id":"P-MFL-TUR-RG","product_condition":"new"},"_links":{"self":[{"href":"https:\/\/maisonroca.ad\/fr\/wp-json\/wp\/v2\/product\/75636","targetHints":{"allow":["GET"]}}],"collection":[{"href":"https:\/\/maisonroca.ad\/fr\/wp-json\/wp\/v2\/product"}],"about":[{"href":"https:\/\/maisonroca.ad\/fr\/wp-json\/wp\/v2\/types\/product"}],"replies":[{"embeddable":true,"href":"https:\/\/maisonroca.ad\/fr\/wp-json\/wp\/v2\/comments?post=75636"}],"version-history":[{"count":10,"href":"https:\/\/maisonroca.ad\/fr\/wp-json\/wp\/v2\/product\/75636\/revisions"}],"predecessor-version":[{"id":83309,"href":"https:\/\/maisonroca.ad\/fr\/wp-json\/wp\/v2\/product\/75636\/revisions\/83309"}],"wp:featuredmedia":[{"embeddable":true,"href":"https:\/\/maisonroca.ad\/fr\/wp-json\/wp\/v2\/media\/81566"}],"wp:attachment":[{"href":"https:\/\/maisonroca.ad\/fr\/wp-json\/wp\/v2\/media?parent=75636"}],"wp:term":[{"taxonomy":"product_brand","embeddable":true,"href":"https:\/\/maisonroca.ad\/fr\/wp-json\/wp\/v2\/product_brand?post=75636"},{"taxonomy":"product_cat","embeddable":true,"href":"https:\/\/maisonroca.ad\/fr\/wp-json\/wp\/v2\/product_cat?post=75636"},{"taxonomy":"product_tag","embeddable":true,"href":"https:\/\/maisonroca.ad\/fr\/wp-json\/wp\/v2\/product_tag?post=75636"}],"curies":[{"name":"wp","href":"https:\/\/api.w.org\/{rel}","templated":true}]}}