{"id":75688,"date":"2025-08-13T17:04:36","date_gmt":"2025-08-13T15:04:36","guid":{"rendered":"https:\/\/maisonroca.ad\/?post_type=product&#038;p=75688"},"modified":"2026-01-27T09:25:33","modified_gmt":"2026-01-27T08:25:33","slug":"tamara-comolli-my-mikado-bracalet","status":"publish","type":"product","link":"https:\/\/maisonroca.ad\/fr\/boutique\/tamara-comolli-my-mikado-bracalet\/","title":{"rendered":"TAMARA COMOLLI MY MIKADO BRACELET"},"content":{"rendered":"<p>Bracelet Tamara Comolli My Mikado en or jaune et turquoise, mont\u00e9 sur cordon en nylon.<\/p>\n<p>Ce bijou fin de la collection myMIKADO capture l\u2019esprit d\u2019un \u00e9t\u00e9 sans fin. Une turquoise \u00e9clatante sertie en or jaune, suspendue \u00e0 un cordon en nylon blanc. Un charm d\u00e9licat, l\u00e9ger, joyeux et facile \u00e0 ajuster. Disponible en or jaune, or blanc et or rose, et se d\u00e9cline en une s\u00e9lection raffin\u00e9e de pierres pr\u00e9cieuses, un petit tr\u00e9sor \u00e0 porter tous les jours.<\/p>\n<p>D\u00e9tails:<\/p>\n<p>\u2022 Or jaune 18k<br \/>\n\u2022 Turquoise 0,14 ct<\/p>\n","protected":false},"excerpt":{"rendered":"<p>Bracelet Tamara Comolli My Mikado en or jaune et turquoise, mont\u00e9 sur cordon en nylon.<\/p>\n<p>Ce bijou fin de la collection myMIKADO capture l\u2019esprit d\u2019un \u00e9t\u00e9 sans fin. Une turquoise \u00e9clatante est sertie dans un petit c\u00f4ne d\u2019or 18 carats, suspendue \u00e0 un cordon en nylon color\u00e9. Un charm en forme de goutte en or vient compl\u00e9ter l\u2019ensemble avec une touche d\u00e9licate. L\u00e9ger, joyeux et facile \u00e0 ajuster, ce bracelet existe dans les trois couleurs d\u2019or et s\u2019adapte \u00e0 tous les poignets \u2014 un petit tr\u00e9sor \u00e0 porter tous les jours.<\/p>\n","protected":false},"featured_media":73107,"comment_status":"closed","ping_status":"closed","template":"","meta":{"_acf_changed":false,"_monsterinsights_skip_tracking":false,"_monsterinsights_sitenote_active":false,"_monsterinsights_sitenote_note":"","_monsterinsights_sitenote_category":0},"product_brand":[],"product_cat":[1244,3446],"product_tag":[2402,2732,2787,2812],"class_list":{"0":"post-75688","1":"product","2":"type-product","3":"status-publish","4":"has-post-thumbnail","6":"product_cat-bijou","7":"product_cat-tamara-comolli-fr","8":"product_tag-bracalets-2","9":"product_tag-or-groc-fr","10":"product_tag-tamara-comolli-fr","11":"product_tag-turquesa-fr","13":"first","14":"instock","15":"shipping-taxable","16":"purchasable","17":"product-type-simple"},"acf":[],"yoast_head":"<!-- This site is optimized with the Yoast SEO Premium plugin v26.8 (Yoast SEO v27.4) - https:\/\/yoast.com\/product\/yoast-seo-premium-wordpress\/ -->\n<title>TAMARA COMOLLI MY MIKADO BRACELET - Maison Roca<\/title>\n<meta name=\"robots\" content=\"index, follow, max-snippet:-1, max-image-preview:large, max-video-preview:-1\" \/>\n<link rel=\"canonical\" href=\"https:\/\/maisonroca.ad\/fr\/boutique\/tamara-comolli-my-mikado-bracalet\/\" \/>\n<meta property=\"og:locale\" content=\"fr_FR\" \/>\n<meta property=\"og:type\" content=\"article\" \/>\n<meta property=\"og:title\" content=\"TAMARA COMOLLI MY MIKADO BRACELET\" \/>\n<meta property=\"og:description\" content=\"Bracelet Tamara Comolli My Mikado en or jaune et turquoise, mont\u00e9 sur cordon en nylon.  Ce bijou fin de la collection myMIKADO capture l\u2019esprit d\u2019un \u00e9t\u00e9 sans fin. Une turquoise \u00e9clatante est sertie dans un petit c\u00f4ne d\u2019or 18 carats, suspendue \u00e0 un cordon en nylon color\u00e9. Un charm en forme de goutte en or vient compl\u00e9ter l\u2019ensemble avec une touche d\u00e9licate. L\u00e9ger, joyeux et facile \u00e0 ajuster, ce bracelet existe dans les trois couleurs d\u2019or et s\u2019adapte \u00e0 tous les poignets \u2014 un petit tr\u00e9sor \u00e0 porter tous les jours.\" \/>\n<meta property=\"og:url\" content=\"https:\/\/maisonroca.ad\/fr\/boutique\/tamara-comolli-my-mikado-bracalet\/\" \/>\n<meta property=\"og:site_name\" content=\"Maison Roca\" \/>\n<meta property=\"article:publisher\" content=\"https:\/\/www.facebook.com\/maisonroca\" \/>\n<meta property=\"article:modified_time\" content=\"2026-01-27T08:25:33+00:00\" \/>\n<meta property=\"og:image\" content=\"https:\/\/maisonroca.ad\/wp-content\/uploads\/2025\/05\/b-mm-tur-yg.jpg\" \/>\n\t<meta property=\"og:image:width\" content=\"1080\" \/>\n\t<meta property=\"og:image:height\" content=\"1080\" \/>\n\t<meta property=\"og:image:type\" content=\"image\/jpeg\" \/>\n<meta name=\"twitter:card\" content=\"summary_large_image\" \/>\n<meta name=\"twitter:label1\" content=\"Prix\" \/>\n\t<meta name=\"twitter:data1\" content=\"612,00&nbsp;&euro;\" \/>\n\t<meta name=\"twitter:label2\" content=\"Disponibilit\u00e9\" \/>\n\t<meta name=\"twitter:data2\" content=\"En stock\" \/>\n<script type=\"application\/ld+json\" class=\"yoast-schema-graph\">{\"@context\":\"https:\\\/\\\/schema.org\",\"@graph\":[{\"@type\":\"WebPage\",\"@id\":\"https:\\\/\\\/maisonroca.ad\\\/fr\\\/boutique\\\/tamara-comolli-my-mikado-bracalet\\\/\",\"url\":\"https:\\\/\\\/maisonroca.ad\\\/fr\\\/boutique\\\/tamara-comolli-my-mikado-bracalet\\\/\",\"name\":\"TAMARA COMOLLI MY MIKADO BRACELET - Maison Roca\",\"isPartOf\":{\"@id\":\"https:\\\/\\\/maisonroca.ad\\\/fr\\\/#website\"},\"primaryImageOfPage\":{\"@id\":\"https:\\\/\\\/maisonroca.ad\\\/fr\\\/boutique\\\/tamara-comolli-my-mikado-bracalet\\\/#primaryimage\"},\"image\":{\"@id\":\"https:\\\/\\\/maisonroca.ad\\\/fr\\\/boutique\\\/tamara-comolli-my-mikado-bracalet\\\/#primaryimage\"},\"thumbnailUrl\":\"https:\\\/\\\/maisonroca.ad\\\/wp-content\\\/uploads\\\/2025\\\/05\\\/b-mm-tur-yg.jpg\",\"datePublished\":\"2025-08-13T15:04:36+00:00\",\"dateModified\":\"2026-01-27T08:25:33+00:00\",\"breadcrumb\":{\"@id\":\"https:\\\/\\\/maisonroca.ad\\\/fr\\\/boutique\\\/tamara-comolli-my-mikado-bracalet\\\/#breadcrumb\"},\"inLanguage\":\"fr-FR\",\"potentialAction\":[{\"@type\":\"ReadAction\",\"target\":[\"https:\\\/\\\/maisonroca.ad\\\/fr\\\/boutique\\\/tamara-comolli-my-mikado-bracalet\\\/\"]}]},{\"@type\":\"ImageObject\",\"inLanguage\":\"fr-FR\",\"@id\":\"https:\\\/\\\/maisonroca.ad\\\/fr\\\/boutique\\\/tamara-comolli-my-mikado-bracalet\\\/#primaryimage\",\"url\":\"https:\\\/\\\/maisonroca.ad\\\/wp-content\\\/uploads\\\/2025\\\/05\\\/b-mm-tur-yg.jpg\",\"contentUrl\":\"https:\\\/\\\/maisonroca.ad\\\/wp-content\\\/uploads\\\/2025\\\/05\\\/b-mm-tur-yg.jpg\",\"width\":1080,\"height\":1080},{\"@type\":\"BreadcrumbList\",\"@id\":\"https:\\\/\\\/maisonroca.ad\\\/fr\\\/boutique\\\/tamara-comolli-my-mikado-bracalet\\\/#breadcrumb\",\"itemListElement\":[{\"@type\":\"ListItem\",\"position\":1,\"name\":\"Portada\",\"item\":\"https:\\\/\\\/maisonroca.ad\\\/fr\\\/\"},{\"@type\":\"ListItem\",\"position\":2,\"name\":\"Botiga\",\"item\":\"https:\\\/\\\/maisonroca.ad\\\/botiga\\\/\"},{\"@type\":\"ListItem\",\"position\":3,\"name\":\"TAMARA COMOLLI MY MIKADO BRACELET\"}]},{\"@type\":\"WebSite\",\"@id\":\"https:\\\/\\\/maisonroca.ad\\\/fr\\\/#website\",\"url\":\"https:\\\/\\\/maisonroca.ad\\\/fr\\\/\",\"name\":\"Maison Roca\",\"description\":\"Bold Luxury Life - joieria d&#039;autor - Andorra\",\"publisher\":{\"@id\":\"https:\\\/\\\/maisonroca.ad\\\/fr\\\/#organization\"},\"potentialAction\":[{\"@type\":\"SearchAction\",\"target\":{\"@type\":\"EntryPoint\",\"urlTemplate\":\"https:\\\/\\\/maisonroca.ad\\\/fr\\\/?s={search_term_string}\"},\"query-input\":{\"@type\":\"PropertyValueSpecification\",\"valueRequired\":true,\"valueName\":\"search_term_string\"}}],\"inLanguage\":\"fr-FR\"},{\"@type\":\"Organization\",\"@id\":\"https:\\\/\\\/maisonroca.ad\\\/fr\\\/#organization\",\"name\":\"Maison Roca\",\"url\":\"https:\\\/\\\/maisonroca.ad\\\/fr\\\/\",\"logo\":{\"@type\":\"ImageObject\",\"inLanguage\":\"fr-FR\",\"@id\":\"https:\\\/\\\/maisonroca.ad\\\/fr\\\/#\\\/schema\\\/logo\\\/image\\\/\",\"url\":\"https:\\\/\\\/maisonroca.ad\\\/wp-content\\\/uploads\\\/2023\\\/10\\\/icono.png\",\"contentUrl\":\"https:\\\/\\\/maisonroca.ad\\\/wp-content\\\/uploads\\\/2023\\\/10\\\/icono.png\",\"width\":512,\"height\":512,\"caption\":\"Maison Roca\"},\"image\":{\"@id\":\"https:\\\/\\\/maisonroca.ad\\\/fr\\\/#\\\/schema\\\/logo\\\/image\\\/\"},\"sameAs\":[\"https:\\\/\\\/www.facebook.com\\\/maisonroca\",\"https:\\\/\\\/www.instagram.com\\\/maisonroca\\\/\"]}]}<\/script>\n<meta property=\"product:price:amount\" content=\"612.00\" \/>\n<meta property=\"product:price:currency\" content=\"EUR\" \/>\n<meta property=\"og:availability\" content=\"instock\" \/>\n<meta property=\"product:availability\" content=\"instock\" \/>\n<meta property=\"product:retailer_item_id\" content=\"B-MM-TUR-YG\" \/>\n<meta property=\"product:condition\" content=\"new\" \/>\n<!-- \/ Yoast SEO Premium plugin. -->","yoast_head_json":{"title":"TAMARA COMOLLI MY MIKADO BRACELET - Maison Roca","robots":{"index":"index","follow":"follow","max-snippet":"max-snippet:-1","max-image-preview":"max-image-preview:large","max-video-preview":"max-video-preview:-1"},"canonical":"https:\/\/maisonroca.ad\/fr\/boutique\/tamara-comolli-my-mikado-bracalet\/","og_locale":"fr_FR","og_type":"article","og_title":"TAMARA COMOLLI MY MIKADO BRACELET","og_description":"Bracelet Tamara Comolli My Mikado en or jaune et turquoise, mont\u00e9 sur cordon en nylon.  Ce bijou fin de la collection myMIKADO capture l\u2019esprit d\u2019un \u00e9t\u00e9 sans fin. Une turquoise \u00e9clatante est sertie dans un petit c\u00f4ne d\u2019or 18 carats, suspendue \u00e0 un cordon en nylon color\u00e9. Un charm en forme de goutte en or vient compl\u00e9ter l\u2019ensemble avec une touche d\u00e9licate. L\u00e9ger, joyeux et facile \u00e0 ajuster, ce bracelet existe dans les trois couleurs d\u2019or et s\u2019adapte \u00e0 tous les poignets \u2014 un petit tr\u00e9sor \u00e0 porter tous les jours.","og_url":"https:\/\/maisonroca.ad\/fr\/boutique\/tamara-comolli-my-mikado-bracalet\/","og_site_name":"Maison Roca","article_publisher":"https:\/\/www.facebook.com\/maisonroca","article_modified_time":"2026-01-27T08:25:33+00:00","og_image":[{"width":1080,"height":1080,"url":"https:\/\/maisonroca.ad\/wp-content\/uploads\/2025\/05\/b-mm-tur-yg.jpg","type":"image\/jpeg"}],"twitter_card":"summary_large_image","twitter_misc":{"Prix":"612,00&nbsp;&euro;","Disponibilit\u00e9":"En stock"},"schema":{"@context":"https:\/\/schema.org","@graph":[{"@type":"WebPage","@id":"https:\/\/maisonroca.ad\/fr\/boutique\/tamara-comolli-my-mikado-bracalet\/","url":"https:\/\/maisonroca.ad\/fr\/boutique\/tamara-comolli-my-mikado-bracalet\/","name":"TAMARA COMOLLI MY MIKADO BRACELET - Maison Roca","isPartOf":{"@id":"https:\/\/maisonroca.ad\/fr\/#website"},"primaryImageOfPage":{"@id":"https:\/\/maisonroca.ad\/fr\/boutique\/tamara-comolli-my-mikado-bracalet\/#primaryimage"},"image":{"@id":"https:\/\/maisonroca.ad\/fr\/boutique\/tamara-comolli-my-mikado-bracalet\/#primaryimage"},"thumbnailUrl":"https:\/\/maisonroca.ad\/wp-content\/uploads\/2025\/05\/b-mm-tur-yg.jpg","datePublished":"2025-08-13T15:04:36+00:00","dateModified":"2026-01-27T08:25:33+00:00","breadcrumb":{"@id":"https:\/\/maisonroca.ad\/fr\/boutique\/tamara-comolli-my-mikado-bracalet\/#breadcrumb"},"inLanguage":"fr-FR","potentialAction":[{"@type":"ReadAction","target":["https:\/\/maisonroca.ad\/fr\/boutique\/tamara-comolli-my-mikado-bracalet\/"]}]},{"@type":"ImageObject","inLanguage":"fr-FR","@id":"https:\/\/maisonroca.ad\/fr\/boutique\/tamara-comolli-my-mikado-bracalet\/#primaryimage","url":"https:\/\/maisonroca.ad\/wp-content\/uploads\/2025\/05\/b-mm-tur-yg.jpg","contentUrl":"https:\/\/maisonroca.ad\/wp-content\/uploads\/2025\/05\/b-mm-tur-yg.jpg","width":1080,"height":1080},{"@type":"BreadcrumbList","@id":"https:\/\/maisonroca.ad\/fr\/boutique\/tamara-comolli-my-mikado-bracalet\/#breadcrumb","itemListElement":[{"@type":"ListItem","position":1,"name":"Portada","item":"https:\/\/maisonroca.ad\/fr\/"},{"@type":"ListItem","position":2,"name":"Botiga","item":"https:\/\/maisonroca.ad\/botiga\/"},{"@type":"ListItem","position":3,"name":"TAMARA COMOLLI MY MIKADO BRACELET"}]},{"@type":"WebSite","@id":"https:\/\/maisonroca.ad\/fr\/#website","url":"https:\/\/maisonroca.ad\/fr\/","name":"Maison Roca","description":"Bold Luxury Life - joieria d&#039;autor - Andorra","publisher":{"@id":"https:\/\/maisonroca.ad\/fr\/#organization"},"potentialAction":[{"@type":"SearchAction","target":{"@type":"EntryPoint","urlTemplate":"https:\/\/maisonroca.ad\/fr\/?s={search_term_string}"},"query-input":{"@type":"PropertyValueSpecification","valueRequired":true,"valueName":"search_term_string"}}],"inLanguage":"fr-FR"},{"@type":"Organization","@id":"https:\/\/maisonroca.ad\/fr\/#organization","name":"Maison Roca","url":"https:\/\/maisonroca.ad\/fr\/","logo":{"@type":"ImageObject","inLanguage":"fr-FR","@id":"https:\/\/maisonroca.ad\/fr\/#\/schema\/logo\/image\/","url":"https:\/\/maisonroca.ad\/wp-content\/uploads\/2023\/10\/icono.png","contentUrl":"https:\/\/maisonroca.ad\/wp-content\/uploads\/2023\/10\/icono.png","width":512,"height":512,"caption":"Maison Roca"},"image":{"@id":"https:\/\/maisonroca.ad\/fr\/#\/schema\/logo\/image\/"},"sameAs":["https:\/\/www.facebook.com\/maisonroca","https:\/\/www.instagram.com\/maisonroca\/"]}]},"product_price_amount":"612.00","product_price_currency":"EUR","og_availability":"instock","product_availability":"instock","product_retailer_item_id":"B-MM-TUR-YG","product_condition":"new"},"_links":{"self":[{"href":"https:\/\/maisonroca.ad\/fr\/wp-json\/wp\/v2\/product\/75688","targetHints":{"allow":["GET"]}}],"collection":[{"href":"https:\/\/maisonroca.ad\/fr\/wp-json\/wp\/v2\/product"}],"about":[{"href":"https:\/\/maisonroca.ad\/fr\/wp-json\/wp\/v2\/types\/product"}],"replies":[{"embeddable":true,"href":"https:\/\/maisonroca.ad\/fr\/wp-json\/wp\/v2\/comments?post=75688"}],"version-history":[{"count":8,"href":"https:\/\/maisonroca.ad\/fr\/wp-json\/wp\/v2\/product\/75688\/revisions"}],"predecessor-version":[{"id":83182,"href":"https:\/\/maisonroca.ad\/fr\/wp-json\/wp\/v2\/product\/75688\/revisions\/83182"}],"wp:featuredmedia":[{"embeddable":true,"href":"https:\/\/maisonroca.ad\/fr\/wp-json\/wp\/v2\/media\/73107"}],"wp:attachment":[{"href":"https:\/\/maisonroca.ad\/fr\/wp-json\/wp\/v2\/media?parent=75688"}],"wp:term":[{"taxonomy":"product_brand","embeddable":true,"href":"https:\/\/maisonroca.ad\/fr\/wp-json\/wp\/v2\/product_brand?post=75688"},{"taxonomy":"product_cat","embeddable":true,"href":"https:\/\/maisonroca.ad\/fr\/wp-json\/wp\/v2\/product_cat?post=75688"},{"taxonomy":"product_tag","embeddable":true,"href":"https:\/\/maisonroca.ad\/fr\/wp-json\/wp\/v2\/product_tag?post=75688"}],"curies":[{"name":"wp","href":"https:\/\/api.w.org\/{rel}","templated":true}]}}